{"id":835,"date":"2019-07-19T14:47:15","date_gmt":"2019-07-19T13:47:15","guid":{"rendered":"http:\/\/www.philippeau.eu\/blog\/?page_id=835"},"modified":"2026-02-24T13:21:49","modified_gmt":"2026-02-24T11:21:49","slug":"garac-cap-mecanicien-automobile","status":"publish","type":"page","link":"https:\/\/www.philippeau.eu\/blog\/philippeau-laurent-accueil\/ma-vie\/etudes-et-vie-professionnelle\/garac-cap-mecanicien-automobile\/","title":{"rendered":"GARAC &#8211; CAP m\u00e9canicien automobile"},"content":{"rendered":"Vous devez \u00eatre connect\u00e9 pour voir ce contenu.","protected":false},"excerpt":{"rendered":"Vous devez \u00eatre connect\u00e9 pour voir ce contenu.","protected":false},"author":1,"featured_media":838,"parent":285551,"menu_order":0,"comment_status":"open","ping_status":"closed","template":"","meta":{"jetpack_post_was_ever_published":false,"footnotes":""},"class_list":["post-835","page","type-page","status-publish","has-post-thumbnail","hentry","post"],"yoast_head":"<!-- This site is optimized with the Yoast SEO plugin v27.4 - https:\/\/yoast.com\/product\/yoast-seo-wordpress\/ -->\n<title>GARAC - CAP m\u00e9canicien automobile - philippeau.eu<\/title>\n<meta name=\"description\" content=\"Avoir pass\u00e9 un cap au GARAC est une petite fiert\u00e9 au vue de la r\u00e9putation de cette \u00e9cole. Pour autant ce m\u00e9tier a certainement sa part dans mon cancer.\" \/>\n<meta name=\"robots\" content=\"index, follow, max-snippet:-1, max-image-preview:large, max-video-preview:-1\" \/>\n<link rel=\"canonical\" href=\"https:\/\/www.philippeau.eu\/blog\/philippeau-laurent-accueil\/ma-vie\/etudes-et-vie-professionnelle\/garac-cap-mecanicien-automobile\/\" \/>\n<meta property=\"og:locale\" content=\"fr_FR\" \/>\n<meta property=\"og:type\" content=\"article\" \/>\n<meta property=\"og:title\" content=\"GARAC - CAP m\u00e9canicien automobile - philippeau.eu\" \/>\n<meta property=\"og:description\" content=\"Avoir pass\u00e9 un cap au GARAC est une petite fiert\u00e9 au vue de la r\u00e9putation de cette \u00e9cole. Pour autant ce m\u00e9tier a certainement sa part dans mon cancer.\" \/>\n<meta property=\"og:url\" content=\"https:\/\/www.philippeau.eu\/blog\/philippeau-laurent-accueil\/ma-vie\/etudes-et-vie-professionnelle\/garac-cap-mecanicien-automobile\/\" \/>\n<meta property=\"og:site_name\" content=\"philippeau.eu\" \/>\n<meta property=\"article:publisher\" content=\"https:\/\/www.facebook.com\/laurent.philippeau\" \/>\n<meta property=\"article:modified_time\" content=\"2026-02-24T11:21:49+00:00\" \/>\n<meta property=\"og:image\" content=\"https:\/\/www.philippeau.eu\/blog\/wp-content\/uploads\/2017\/09\/garac.jpg\" \/>\n\t<meta property=\"og:image:width\" content=\"1032\" \/>\n\t<meta property=\"og:image:height\" content=\"700\" \/>\n\t<meta property=\"og:image:type\" content=\"image\/jpeg\" \/>\n<meta name=\"twitter:card\" content=\"summary_large_image\" \/>\n<meta name=\"twitter:label1\" content=\"Dur\u00e9e de lecture estim\u00e9e\" \/>\n\t<meta name=\"twitter:data1\" content=\"4 minutes\" \/>\n<script type=\"application\/ld+json\" class=\"yoast-schema-graph\">{\"@context\":\"https:\\\/\\\/schema.org\",\"@graph\":[{\"@type\":\"WebPage\",\"@id\":\"https:\\\/\\\/www.philippeau.eu\\\/blog\\\/philippeau-laurent-accueil\\\/ma-vie\\\/etudes-et-vie-professionnelle\\\/garac-cap-mecanicien-automobile\\\/\",\"url\":\"https:\\\/\\\/www.philippeau.eu\\\/blog\\\/philippeau-laurent-accueil\\\/ma-vie\\\/etudes-et-vie-professionnelle\\\/garac-cap-mecanicien-automobile\\\/\",\"name\":\"GARAC - CAP m\u00e9canicien automobile - philippeau.eu\",\"isPartOf\":{\"@id\":\"https:\\\/\\\/www.philippeau.eu\\\/blog\\\/#website\"},\"primaryImageOfPage\":{\"@id\":\"https:\\\/\\\/www.philippeau.eu\\\/blog\\\/philippeau-laurent-accueil\\\/ma-vie\\\/etudes-et-vie-professionnelle\\\/garac-cap-mecanicien-automobile\\\/#primaryimage\"},\"image\":{\"@id\":\"https:\\\/\\\/www.philippeau.eu\\\/blog\\\/philippeau-laurent-accueil\\\/ma-vie\\\/etudes-et-vie-professionnelle\\\/garac-cap-mecanicien-automobile\\\/#primaryimage\"},\"thumbnailUrl\":\"https:\\\/\\\/www.philippeau.eu\\\/blog\\\/wp-content\\\/uploads\\\/2017\\\/09\\\/garac.jpg\",\"datePublished\":\"2019-07-19T13:47:15+00:00\",\"dateModified\":\"2026-02-24T11:21:49+00:00\",\"description\":\"Avoir pass\u00e9 un cap au GARAC est une petite fiert\u00e9 au vue de la r\u00e9putation de cette \u00e9cole. Pour autant ce m\u00e9tier a certainement sa part dans mon cancer.\",\"breadcrumb\":{\"@id\":\"https:\\\/\\\/www.philippeau.eu\\\/blog\\\/philippeau-laurent-accueil\\\/ma-vie\\\/etudes-et-vie-professionnelle\\\/garac-cap-mecanicien-automobile\\\/#breadcrumb\"},\"inLanguage\":\"fr-FR\",\"potentialAction\":[{\"@type\":\"ReadAction\",\"target\":[\"https:\\\/\\\/www.philippeau.eu\\\/blog\\\/philippeau-laurent-accueil\\\/ma-vie\\\/etudes-et-vie-professionnelle\\\/garac-cap-mecanicien-automobile\\\/\"]}]},{\"@type\":\"ImageObject\",\"inLanguage\":\"fr-FR\",\"@id\":\"https:\\\/\\\/www.philippeau.eu\\\/blog\\\/philippeau-laurent-accueil\\\/ma-vie\\\/etudes-et-vie-professionnelle\\\/garac-cap-mecanicien-automobile\\\/#primaryimage\",\"url\":\"https:\\\/\\\/www.philippeau.eu\\\/blog\\\/wp-content\\\/uploads\\\/2017\\\/09\\\/garac.jpg\",\"contentUrl\":\"https:\\\/\\\/www.philippeau.eu\\\/blog\\\/wp-content\\\/uploads\\\/2017\\\/09\\\/garac.jpg\",\"width\":1032,\"height\":700,\"caption\":\"Ma carte pour l'ann\u00e9e scolaire 1978 - 1979\"},{\"@type\":\"BreadcrumbList\",\"@id\":\"https:\\\/\\\/www.philippeau.eu\\\/blog\\\/philippeau-laurent-accueil\\\/ma-vie\\\/etudes-et-vie-professionnelle\\\/garac-cap-mecanicien-automobile\\\/#breadcrumb\",\"itemListElement\":[{\"@type\":\"ListItem\",\"position\":1,\"name\":\"Accueil\",\"item\":\"https:\\\/\\\/www.philippeau.eu\\\/blog\\\/\"},{\"@type\":\"ListItem\",\"position\":2,\"name\":\"Philippeau laurent\",\"item\":\"https:\\\/\\\/www.philippeau.eu\\\/blog\\\/\"},{\"@type\":\"ListItem\",\"position\":3,\"name\":\"Ma vie et Plus\",\"item\":\"https:\\\/\\\/www.philippeau.eu\\\/blog\\\/philippeau-laurent-accueil\\\/ma-vie\\\/\"},{\"@type\":\"ListItem\",\"position\":4,\"name\":\"\u00c9tudes et vie professionnelle\",\"item\":\"https:\\\/\\\/www.philippeau.eu\\\/blog\\\/philippeau-laurent-accueil\\\/ma-vie\\\/etudes-et-vie-professionnelle\\\/\"},{\"@type\":\"ListItem\",\"position\":5,\"name\":\"GARAC &#8211; CAP m\u00e9canicien automobile\"}]},{\"@type\":\"WebSite\",\"@id\":\"https:\\\/\\\/www.philippeau.eu\\\/blog\\\/#website\",\"url\":\"https:\\\/\\\/www.philippeau.eu\\\/blog\\\/\",\"name\":\"philippeau.eu\",\"description\":\"\",\"publisher\":{\"@id\":\"https:\\\/\\\/www.philippeau.eu\\\/blog\\\/#\\\/schema\\\/person\\\/d0321ac69485a2fa34a86270145a4038\"},\"potentialAction\":[{\"@type\":\"SearchAction\",\"target\":{\"@type\":\"EntryPoint\",\"urlTemplate\":\"https:\\\/\\\/www.philippeau.eu\\\/blog\\\/?s={search_term_string}\"},\"query-input\":{\"@type\":\"PropertyValueSpecification\",\"valueRequired\":true,\"valueName\":\"search_term_string\"}}],\"inLanguage\":\"fr-FR\"},{\"@type\":[\"Person\",\"Organization\"],\"@id\":\"https:\\\/\\\/www.philippeau.eu\\\/blog\\\/#\\\/schema\\\/person\\\/d0321ac69485a2fa34a86270145a4038\",\"name\":\"Laurent\",\"image\":{\"@type\":\"ImageObject\",\"inLanguage\":\"fr-FR\",\"@id\":\"https:\\\/\\\/www.philippeau.eu\\\/blog\\\/wp-content\\\/uploads\\\/2020\\\/11\\\/cropped-PL_logo_initiales_img.png\",\"url\":\"https:\\\/\\\/www.philippeau.eu\\\/blog\\\/wp-content\\\/uploads\\\/2020\\\/11\\\/cropped-PL_logo_initiales_img.png\",\"contentUrl\":\"https:\\\/\\\/www.philippeau.eu\\\/blog\\\/wp-content\\\/uploads\\\/2020\\\/11\\\/cropped-PL_logo_initiales_img.png\",\"width\":512,\"height\":512,\"caption\":\"Laurent\"},\"logo\":{\"@id\":\"https:\\\/\\\/www.philippeau.eu\\\/blog\\\/wp-content\\\/uploads\\\/2020\\\/11\\\/cropped-PL_logo_initiales_img.png\"},\"description\":\"Propri\u00e9taire et webmaster du site www.philippeau.eu\",\"sameAs\":[\"https:\\\/\\\/www.philippeau.eu\",\"https:\\\/\\\/www.facebook.com\\\/laurent.philippeau\",\"https:\\\/\\\/www.youtube.com\\\/channel\\\/UCgwFBEt9Dv03TyDiBPNGL-Q\"]}]}<\/script>\n<!-- \/ Yoast SEO plugin. -->","yoast_head_json":{"title":"GARAC - CAP m\u00e9canicien automobile - philippeau.eu","description":"Avoir pass\u00e9 un cap au GARAC est une petite fiert\u00e9 au vue de la r\u00e9putation de cette \u00e9cole. Pour autant ce m\u00e9tier a certainement sa part dans mon cancer.","robots":{"index":"index","follow":"follow","max-snippet":"max-snippet:-1","max-image-preview":"max-image-preview:large","max-video-preview":"max-video-preview:-1"},"canonical":"https:\/\/www.philippeau.eu\/blog\/philippeau-laurent-accueil\/ma-vie\/etudes-et-vie-professionnelle\/garac-cap-mecanicien-automobile\/","og_locale":"fr_FR","og_type":"article","og_title":"GARAC - CAP m\u00e9canicien automobile - philippeau.eu","og_description":"Avoir pass\u00e9 un cap au GARAC est une petite fiert\u00e9 au vue de la r\u00e9putation de cette \u00e9cole. Pour autant ce m\u00e9tier a certainement sa part dans mon cancer.","og_url":"https:\/\/www.philippeau.eu\/blog\/philippeau-laurent-accueil\/ma-vie\/etudes-et-vie-professionnelle\/garac-cap-mecanicien-automobile\/","og_site_name":"philippeau.eu","article_publisher":"https:\/\/www.facebook.com\/laurent.philippeau","article_modified_time":"2026-02-24T11:21:49+00:00","og_image":[{"width":1032,"height":700,"url":"https:\/\/www.philippeau.eu\/blog\/wp-content\/uploads\/2017\/09\/garac.jpg","type":"image\/jpeg"}],"twitter_card":"summary_large_image","twitter_misc":{"Dur\u00e9e de lecture estim\u00e9e":"4 minutes"},"schema":{"@context":"https:\/\/schema.org","@graph":[{"@type":"WebPage","@id":"https:\/\/www.philippeau.eu\/blog\/philippeau-laurent-accueil\/ma-vie\/etudes-et-vie-professionnelle\/garac-cap-mecanicien-automobile\/","url":"https:\/\/www.philippeau.eu\/blog\/philippeau-laurent-accueil\/ma-vie\/etudes-et-vie-professionnelle\/garac-cap-mecanicien-automobile\/","name":"GARAC - CAP m\u00e9canicien automobile - philippeau.eu","isPartOf":{"@id":"https:\/\/www.philippeau.eu\/blog\/#website"},"primaryImageOfPage":{"@id":"https:\/\/www.philippeau.eu\/blog\/philippeau-laurent-accueil\/ma-vie\/etudes-et-vie-professionnelle\/garac-cap-mecanicien-automobile\/#primaryimage"},"image":{"@id":"https:\/\/www.philippeau.eu\/blog\/philippeau-laurent-accueil\/ma-vie\/etudes-et-vie-professionnelle\/garac-cap-mecanicien-automobile\/#primaryimage"},"thumbnailUrl":"https:\/\/www.philippeau.eu\/blog\/wp-content\/uploads\/2017\/09\/garac.jpg","datePublished":"2019-07-19T13:47:15+00:00","dateModified":"2026-02-24T11:21:49+00:00","description":"Avoir pass\u00e9 un cap au GARAC est une petite fiert\u00e9 au vue de la r\u00e9putation de cette \u00e9cole. Pour autant ce m\u00e9tier a certainement sa part dans mon cancer.","breadcrumb":{"@id":"https:\/\/www.philippeau.eu\/blog\/philippeau-laurent-accueil\/ma-vie\/etudes-et-vie-professionnelle\/garac-cap-mecanicien-automobile\/#breadcrumb"},"inLanguage":"fr-FR","potentialAction":[{"@type":"ReadAction","target":["https:\/\/www.philippeau.eu\/blog\/philippeau-laurent-accueil\/ma-vie\/etudes-et-vie-professionnelle\/garac-cap-mecanicien-automobile\/"]}]},{"@type":"ImageObject","inLanguage":"fr-FR","@id":"https:\/\/www.philippeau.eu\/blog\/philippeau-laurent-accueil\/ma-vie\/etudes-et-vie-professionnelle\/garac-cap-mecanicien-automobile\/#primaryimage","url":"https:\/\/www.philippeau.eu\/blog\/wp-content\/uploads\/2017\/09\/garac.jpg","contentUrl":"https:\/\/www.philippeau.eu\/blog\/wp-content\/uploads\/2017\/09\/garac.jpg","width":1032,"height":700,"caption":"Ma carte pour l'ann\u00e9e scolaire 1978 - 1979"},{"@type":"BreadcrumbList","@id":"https:\/\/www.philippeau.eu\/blog\/philippeau-laurent-accueil\/ma-vie\/etudes-et-vie-professionnelle\/garac-cap-mecanicien-automobile\/#breadcrumb","itemListElement":[{"@type":"ListItem","position":1,"name":"Accueil","item":"https:\/\/www.philippeau.eu\/blog\/"},{"@type":"ListItem","position":2,"name":"Philippeau laurent","item":"https:\/\/www.philippeau.eu\/blog\/"},{"@type":"ListItem","position":3,"name":"Ma vie et Plus","item":"https:\/\/www.philippeau.eu\/blog\/philippeau-laurent-accueil\/ma-vie\/"},{"@type":"ListItem","position":4,"name":"\u00c9tudes et vie professionnelle","item":"https:\/\/www.philippeau.eu\/blog\/philippeau-laurent-accueil\/ma-vie\/etudes-et-vie-professionnelle\/"},{"@type":"ListItem","position":5,"name":"GARAC &#8211; CAP m\u00e9canicien automobile"}]},{"@type":"WebSite","@id":"https:\/\/www.philippeau.eu\/blog\/#website","url":"https:\/\/www.philippeau.eu\/blog\/","name":"philippeau.eu","description":"","publisher":{"@id":"https:\/\/www.philippeau.eu\/blog\/#\/schema\/person\/d0321ac69485a2fa34a86270145a4038"},"potentialAction":[{"@type":"SearchAction","target":{"@type":"EntryPoint","urlTemplate":"https:\/\/www.philippeau.eu\/blog\/?s={search_term_string}"},"query-input":{"@type":"PropertyValueSpecification","valueRequired":true,"valueName":"search_term_string"}}],"inLanguage":"fr-FR"},{"@type":["Person","Organization"],"@id":"https:\/\/www.philippeau.eu\/blog\/#\/schema\/person\/d0321ac69485a2fa34a86270145a4038","name":"Laurent","image":{"@type":"ImageObject","inLanguage":"fr-FR","@id":"https:\/\/www.philippeau.eu\/blog\/wp-content\/uploads\/2020\/11\/cropped-PL_logo_initiales_img.png","url":"https:\/\/www.philippeau.eu\/blog\/wp-content\/uploads\/2020\/11\/cropped-PL_logo_initiales_img.png","contentUrl":"https:\/\/www.philippeau.eu\/blog\/wp-content\/uploads\/2020\/11\/cropped-PL_logo_initiales_img.png","width":512,"height":512,"caption":"Laurent"},"logo":{"@id":"https:\/\/www.philippeau.eu\/blog\/wp-content\/uploads\/2020\/11\/cropped-PL_logo_initiales_img.png"},"description":"Propri\u00e9taire et webmaster du site www.philippeau.eu","sameAs":["https:\/\/www.philippeau.eu","https:\/\/www.facebook.com\/laurent.philippeau","https:\/\/www.youtube.com\/channel\/UCgwFBEt9Dv03TyDiBPNGL-Q"]}]}},"jetpack_likes_enabled":true,"jetpack_sharing_enabled":false,"_links":{"self":[{"href":"https:\/\/www.philippeau.eu\/blog\/wp-json\/wp\/v2\/pages\/835","targetHints":{"allow":["GET"]}}],"collection":[{"href":"https:\/\/www.philippeau.eu\/blog\/wp-json\/wp\/v2\/pages"}],"about":[{"href":"https:\/\/www.philippeau.eu\/blog\/wp-json\/wp\/v2\/types\/page"}],"author":[{"embeddable":true,"href":"https:\/\/www.philippeau.eu\/blog\/wp-json\/wp\/v2\/users\/1"}],"replies":[{"embeddable":true,"href":"https:\/\/www.philippeau.eu\/blog\/wp-json\/wp\/v2\/comments?post=835"}],"version-history":[{"count":3,"href":"https:\/\/www.philippeau.eu\/blog\/wp-json\/wp\/v2\/pages\/835\/revisions"}],"predecessor-version":[{"id":287564,"href":"https:\/\/www.philippeau.eu\/blog\/wp-json\/wp\/v2\/pages\/835\/revisions\/287564"}],"up":[{"embeddable":true,"href":"https:\/\/www.philippeau.eu\/blog\/wp-json\/wp\/v2\/pages\/285551"}],"wp:featuredmedia":[{"embeddable":true,"href":"https:\/\/www.philippeau.eu\/blog\/wp-json\/wp\/v2\/media\/838"}],"wp:attachment":[{"href":"https:\/\/www.philippeau.eu\/blog\/wp-json\/wp\/v2\/media?parent=835"}],"curies":[{"name":"wp","href":"https:\/\/api.w.org\/{rel}","templated":true}]}}