{"id":1783,"date":"2019-11-20T00:02:43","date_gmt":"2019-11-19T23:02:43","guid":{"rendered":"http:\/\/www.philippeau.eu\/blog\/?page_id=1783"},"modified":"2022-06-24T14:51:00","modified_gmt":"2022-06-24T13:51:00","slug":"bpco-bronchopneumopathie-chronique-obstructive","status":"publish","type":"page","link":"https:\/\/www.philippeau.eu\/blog\/cancer-du-poumon\/bpco-bronchopneumopathie-chronique-obstructive\/","title":{"rendered":"BPCO &#8211; Bronchopneumopathie Chronique Obstructive"},"content":{"rendered":"<figure id=\"attachment_189650\" aria-describedby=\"caption-attachment-189650\" style=\"width: 1060px\" class=\"wp-caption aligncenter\"><a  href=\"http:\/\/www.philippeau.eu\/blog\/wp-content\/uploads\/2019\/11\/Image_mise_en_avant_1060x700.jpg\" data-rel=\"lightbox-gallery-0\" data-rl_title=\"BPCO\" data-rl_caption=\"BPCO\" title=\"BPCO\"><img loading=\"lazy\" decoding=\"async\" class=\"wp-image-189650 size-full\" src=\"http:\/\/www.philippeau.eu\/blog\/wp-content\/uploads\/2019\/11\/Image_mise_en_avant_1060x700.jpg\" alt=\"BPCO\" width=\"1060\" height=\"700\" srcset=\"https:\/\/www.philippeau.eu\/blog\/wp-content\/uploads\/2019\/11\/Image_mise_en_avant_1060x700.jpg 1060w, https:\/\/www.philippeau.eu\/blog\/wp-content\/uploads\/2019\/11\/Image_mise_en_avant_1060x700-300x198.jpg 300w, https:\/\/www.philippeau.eu\/blog\/wp-content\/uploads\/2019\/11\/Image_mise_en_avant_1060x700-1024x676.jpg 1024w, https:\/\/www.philippeau.eu\/blog\/wp-content\/uploads\/2019\/11\/Image_mise_en_avant_1060x700-768x507.jpg 768w, https:\/\/www.philippeau.eu\/blog\/wp-content\/uploads\/2019\/11\/Image_mise_en_avant_1060x700-263x174.jpg 263w, https:\/\/www.philippeau.eu\/blog\/wp-content\/uploads\/2019\/11\/Image_mise_en_avant_1060x700-360x238.jpg 360w\" sizes=\"auto, (max-width: 1060px) 100vw, 1060px\" \/><\/a><figcaption id=\"caption-attachment-189650\" class=\"wp-caption-text\">BPCO<\/figcaption><\/figure>\n<figure id=\"attachment_189402\" aria-describedby=\"caption-attachment-189402\" style=\"width: 300px\" class=\"wp-caption alignright\"><a  href=\"http:\/\/www.philippeau.eu\/blog\/wp-content\/uploads\/2019\/11\/CR_Scan_2016-11-07_Emphyseme.jpg\" data-rel=\"lightbox-gallery-0\" data-rl_title=\"CR_Scan_2016-11-07_Emphyseme\" data-rl_caption=\"\"><img loading=\"lazy\" decoding=\"async\" class=\"wp-image-189402 size-medium\" title=\"CR_Scan_2016-11-07_Emphyseme\" src=\"http:\/\/www.philippeau.eu\/blog\/wp-content\/uploads\/2019\/11\/CR_Scan_2016-11-07_Emphyseme-300x88.jpg\" alt=\"Emphys\u00e8me - BPCO\" width=\"300\" height=\"88\" srcset=\"https:\/\/www.philippeau.eu\/blog\/wp-content\/uploads\/2019\/11\/CR_Scan_2016-11-07_Emphyseme-300x88.jpg 300w, https:\/\/www.philippeau.eu\/blog\/wp-content\/uploads\/2019\/11\/CR_Scan_2016-11-07_Emphyseme-1024x299.jpg 1024w, https:\/\/www.philippeau.eu\/blog\/wp-content\/uploads\/2019\/11\/CR_Scan_2016-11-07_Emphyseme-768x224.jpg 768w, https:\/\/www.philippeau.eu\/blog\/wp-content\/uploads\/2019\/11\/CR_Scan_2016-11-07_Emphyseme.jpg 1200w\" sizes=\"auto, (max-width: 300px) 100vw, 300px\" \/><\/a><figcaption id=\"caption-attachment-189402\" class=\"wp-caption-text\">Emphys\u00e8me &#8211; BPCO (image 1)<\/figcaption><\/figure>\n<p>Pour commencer, je ne sais pas dans quelle mesure l&rsquo;on peut rapprocher la BPCO et le <a href=\"http:\/\/www.philippeau.eu\/blog\/cancer-du-poumon\/\">cancer du poumon<\/a>. De toute \u00e9vidence ces deux maladies ont au moins en commun les poumons et le <a href=\"http:\/\/www.philippeau.eu\/blog\/cancer-du-poumon\/248-200-cigarettes-plus-tard\/\">tabac<\/a>.<\/p>\n<p>Ce qui me pousse \u00e0 \u00e9crire cette page rest\u00e9e longtemps dans mes brouillons, c&rsquo;est une note dans le compte rendu de scanner de contr\u00f4le du 07-11-2016 (voir image 1). J&rsquo;ai donc un poumon en moins (droit, le plus gros) et l&rsquo;autre n&rsquo;est pas compl\u00e8tement top. \u00c0 quel point, je n&rsquo;en sais rien.<br \/>\nLorsque j&rsquo;ai particip\u00e9 \u00e0 la <a href=\"http:\/\/www.philippeau.eu\/blog\/epreuve-deffort-respiratoire-pneumologie\/\">Cohorte R\u00e9haEffort des Pays de la Loire<\/a>, je n&rsquo;ai pas demand\u00e9 les r\u00e9sultats de mon test d&rsquo;effort, gaz du sang, <a href=\"https:\/\/www.spirometrie.fr\/la-spirometrie\" target=\"_blank\" rel=\"noopener noreferrer\">spirom\u00e9trie<\/a>. Je ne connais donc pas \u00e0 quel stade de la maladie je suis. Le Dr Ouksel Hakima m&rsquo;avait certainement donn\u00e9 des d\u00e9tails, toutefois je n&rsquo;ai retenu que \u00abgros d\u00e9ficit respiratoire\u00bb. Il faut reconna\u00eetre qu&rsquo;avec un poumon de moins, c&rsquo;est plut\u00f4t logique.<\/p>\n<blockquote><p>\u00ab<strong>L&#8217;emphys\u00e8me paraseptal et les bulles<\/strong><\/p>\n<p>Il touche la p\u00e9riph\u00e9rie du lobule et para\u00eet r\u00e9sulter de tractions sur les septum ainsi que d&rsquo;inflammation notamment pleurale. C&rsquo;est dans cet emphys\u00e8me que s&rsquo;observent le plus volontiers les volumineuses bulles solitaires ou les collections de bulles.\u00bb (Sources : <a href=\"http:\/\/pneumocourlancy.fr\/page_emphyseme.html\" target=\"_blank\" rel=\"noopener noreferrer\">pneumocourlancy.fr<\/a> )<\/p><\/blockquote>\n<h2 class=\"widget-title\">BPCO &#8211; d\u00e9finition<\/h2>\n<figure id=\"attachment_189404\" aria-describedby=\"caption-attachment-189404\" style=\"width: 300px\" class=\"wp-caption alignright\"><a  href=\"http:\/\/www.philippeau.eu\/blog\/wp-content\/uploads\/2019\/11\/CR_Scan_2016-11-07_Emphyseme_img.jpg\" data-rel=\"lightbox-gallery-0\" data-rl_title=\"CR_Scan_2016-11-07_Emphyseme_img\" data-rl_caption=\"\"><img loading=\"lazy\" decoding=\"async\" class=\"wp-image-189404 size-medium\" title=\"CR_Scan_2016-11-07_Emphyseme_img\" src=\"http:\/\/www.philippeau.eu\/blog\/wp-content\/uploads\/2019\/11\/CR_Scan_2016-11-07_Emphyseme_img-300x195.jpg\" alt=\"Scan de contr\u00f4le du 07-11-2016\" width=\"300\" height=\"195\" srcset=\"https:\/\/www.philippeau.eu\/blog\/wp-content\/uploads\/2019\/11\/CR_Scan_2016-11-07_Emphyseme_img-300x195.jpg 300w, https:\/\/www.philippeau.eu\/blog\/wp-content\/uploads\/2019\/11\/CR_Scan_2016-11-07_Emphyseme_img-768x498.jpg 768w, https:\/\/www.philippeau.eu\/blog\/wp-content\/uploads\/2019\/11\/CR_Scan_2016-11-07_Emphyseme_img.jpg 800w\" sizes=\"auto, (max-width: 300px) 100vw, 300px\" \/><\/a><figcaption id=\"caption-attachment-189404\" class=\"wp-caption-text\">Scan de contr\u00f4le du 07-11-2016<\/figcaption><\/figure>\n<blockquote><p>\u00abLa bronchopneumopathie chronique obstructive est une maladie chronique inflammatoire des bronches le plus souvent associ\u00e9e \u00e0 d\u2019autres maladies. Elle se caract\u00e9rise par un r\u00e9tr\u00e9cissement progressif et une obstruction permanente des voies a\u00e9riennes et des poumons, entra\u00eenant une g\u00eane respiratoire. Plus de 80% des cas sont caus\u00e9s par le tabagisme (actif ou passif).\u00bb<br \/>\n(Source : inserm.fr)<\/p><\/blockquote>\n<p>C&rsquo;est une maladie tr\u00e8s handicapante qui ne se gu\u00e9rit pas et qui sans prise en charge, peut m\u00eame \u00eatre mortelle. En France, 5 \u00e0 10% de la population des plus de 45 ans en souffrent. Elle est responsable de 18 000 d\u00e9c\u00e8s par an.<\/p>\n<h2>Les causes de la maladie<\/h2>\n<figure id=\"attachment_189406\" aria-describedby=\"caption-attachment-189406\" style=\"width: 300px\" class=\"wp-caption alignright\"><a  href=\"http:\/\/www.philippeau.eu\/blog\/wp-content\/uploads\/2019\/11\/CR_Scan_2016-11-07_Emphyseme_img2.jpg\" data-rel=\"lightbox-gallery-0\" data-rl_title=\"CR_Scan_2016-11-07_Emphyseme_img2\" data-rl_caption=\"\"><img loading=\"lazy\" decoding=\"async\" class=\"wp-image-189406 size-medium\" title=\"CR_Scan_2016-11-07_Emphyseme_img2\" src=\"http:\/\/www.philippeau.eu\/blog\/wp-content\/uploads\/2019\/11\/CR_Scan_2016-11-07_Emphyseme_img2-300x274.jpg\" alt=\"Scan de contr\u00f4le du 07-11-2016\" width=\"300\" height=\"274\" srcset=\"https:\/\/www.philippeau.eu\/blog\/wp-content\/uploads\/2019\/11\/CR_Scan_2016-11-07_Emphyseme_img2-300x274.jpg 300w, https:\/\/www.philippeau.eu\/blog\/wp-content\/uploads\/2019\/11\/CR_Scan_2016-11-07_Emphyseme_img2-768x702.jpg 768w, https:\/\/www.philippeau.eu\/blog\/wp-content\/uploads\/2019\/11\/CR_Scan_2016-11-07_Emphyseme_img2.jpg 782w\" sizes=\"auto, (max-width: 300px) 100vw, 300px\" \/><\/a><figcaption id=\"caption-attachment-189406\" class=\"wp-caption-text\">Scan de contr\u00f4le du 07-11-2016<\/figcaption><\/figure>\n<p>La cause principale est \u00e0 80% le tabac.<br \/>\nLes autres causes sont :<\/p>\n<ul>\n<li>La pollution de l\u2019air.<\/li>\n<li>Les expositions domestiques et professionnelles.<\/li>\n<li>Les infections pulmonaires pendant l\u2019enfance.<\/li>\n<li>Le tabagisme passif.<\/li>\n<li>La consommation de cannabis.<\/li>\n<li>Les pr\u00e9dispositions g\u00e9n\u00e9tiques h\u00e9r\u00e9ditaires ou non.<\/li>\n<\/ul>\n<h2>Les m\u00e9tiers \u00e0 risque BPCO<\/h2>\n<p>En cause tr\u00e8s souvent l&rsquo;inhalation de poussi\u00e8res, de vapeurs, de gaz et de fum\u00e9es.<\/p>\n<ul>\n<li>Le secteur minier,<\/li>\n<li>Les m\u00e9tiers du b\u00e2timent,<\/li>\n<li>Les travaux publics,<\/li>\n<li>La fonderie,<\/li>\n<li>La sid\u00e9rurgie,<\/li>\n<li>L&rsquo;industrie textile,<\/li>\n<li>Certains m\u00e9tiers agricoles et d\u2019\u00e9levage.<\/li>\n<\/ul>\n<h2 class=\"widget-title\">Quelques liens sur ce sujet<\/h2>\n<ul>\n<li>Bronchopneumopathie chronique obstructive (BPCO) <a href=\"http:\/\/www.inserm.fr\/thematiques\/physiopathologie-metabolisme-nutrition\/dossiers-d-information\/bronchopneumopathie-chronique-obstructive-bpco\" target=\"_blank\" rel=\"noopener noreferrer\">sur le site de l&rsquo;inserm<\/a>.<\/li>\n<li>BPCO et insuffisance respiratoire chronique sur le site <a href=\"https:\/\/www.santepubliquefrance.fr\/maladies-et-traumatismes\/maladies-et-infections-respiratoires\/bpco-et-insuffisance-respiratoire-chronique\" target=\"_blank\" rel=\"noopener noreferrer\">Sant\u00e9 Public France<\/a>.<\/li>\n<li>Broncho-pneumopathie chronique obstructive (BPCO) <a href=\"http:\/\/www.ameli-sante.fr\/bronchopneumopathie-chronique-obstructive-bpco\/quest-ce-que-la-bpconbsp.html\" target=\"_blank\" rel=\"noopener noreferrer\">sur le site ameli-sante.fr<\/a>.<\/li>\n<li><a href=\"https:\/\/www.has-sante.fr\/jcms\/c_1752117\/fr\/bronchopneumopathie-chronique-obstructive-bpco-la-has-developpe-des-outils-de-prise-en-charge\" target=\"_blank\" rel=\"noopener noreferrer\">La HAS d\u00e9veloppe des outils de prise en charge<\/a>.<\/li>\n<li><a href=\"https:\/\/www.has-sante.fr\/jcms\/c_452127\/fr\/ald-n-14-insuffisance-respiratoire-chronique-grave-de-l-adulte-secondaire-a-une-bronchopneumopathie-chronique-obstructive-bpco\" target=\"_blank\" rel=\"noopener noreferrer\">ALD n\u00b0 14 &#8211; Insuffisance respiratoire chronique grave de l&rsquo;adulte secondaire \u00e0 une bronchopneumopathie chronique obstructive<\/a>.<\/li>\n<li><a href=\"http:\/\/www.bpco.org\/\" target=\"_blank\" rel=\"noopener noreferrer\">Innover pour mieux respirer<\/a> sur le site bpco.org<\/li>\n<li><a href=\"http:\/\/pneumocourlancy.fr\/page_emphyseme.html\" target=\"_blank\" rel=\"noopener noreferrer\">L&#8217;emphys\u00e8me pulmonaire<\/a> sur le site pneumocourlancy.fr<\/li>\n<li>BPCO sur <a href=\"http:\/\/www.lesouffle.org\/blog\/maladie\/bpco-broncho-pneumopathie-chronique-obstructive\/\" target=\"_blank\" rel=\"noopener noreferrer\">le site lesouffle.org<\/a> (Fondation du souffle)<\/li>\n<li><a href=\"https:\/\/www.who.int\/fr\/news-room\/fact-sheets\/detail\/chronic-obstructive-pulmonary-disease-(copd)\" target=\"_blank\" rel=\"noopener noreferrer\">Sur le site de l&rsquo;OMS<\/a>.<\/li>\n<li>Association BPCO sur le site <a href=\"http:\/\/www.bpco-asso.com\/\" target=\"_blank\" rel=\"noopener noreferrer\">bpco-asso.com<\/a>.<\/li>\n<li>BPCO (bronchite chronique) sur <a href=\"http:\/\/www.doctissimo.fr\/html\/dossiers\/bronchite.htm\" target=\"_blank\" rel=\"noopener noreferrer\">le site doctissimo.fr<\/a>.<\/li>\n<li><a href=\"https:\/\/www.ameli.fr\/mayenne\/assure\/sante\/examen\/exploration\/deroulement-spirometrie\" target=\"_blank\" rel=\"noopener noreferrer\">Comment se d\u00e9roule une spirom\u00e9trie ?<\/a><\/li>\n<\/ul>\n","protected":false},"excerpt":{"rendered":"<p>Pour commencer, je ne sais pas dans quelle mesure l&rsquo;on peut rapprocher la BPCO et le cancer du poumon. De toute \u00e9vidence ces deux maladies ont au moins en commun les poumons et le tabac&#8230;.<\/p>\n<div class=\"more-link-wrapper\"><a class=\"more-link\" href=\"https:\/\/www.philippeau.eu\/blog\/cancer-du-poumon\/bpco-bronchopneumopathie-chronique-obstructive\/\"><span class=\"more-text\">Continuer la lecture<\/span><\/a><\/div>\n","protected":false},"author":1,"featured_media":189650,"parent":9,"menu_order":11,"comment_status":"open","ping_status":"closed","template":"","meta":{"jetpack_post_was_ever_published":false,"footnotes":""},"class_list":["post-1783","page","type-page","status-publish","has-post-thumbnail","hentry","post"],"yoast_head":"<!-- This site is optimized with the Yoast SEO plugin v27.4 - https:\/\/yoast.com\/product\/yoast-seo-wordpress\/ -->\n<title>BPCO - Bronchopneumopathie Chronique Obstructive - philippeau.eu<\/title>\n<meta name=\"description\" content=\"La BPCO (bronchopneumopathie chronique obstructive), cette maladie qui accompagne souvent le cancer du poumon ayant pour cause commune principale le tabac.\" \/>\n<meta name=\"robots\" content=\"index, follow, max-snippet:-1, max-image-preview:large, max-video-preview:-1\" \/>\n<link rel=\"canonical\" href=\"https:\/\/www.philippeau.eu\/blog\/cancer-du-poumon\/bpco-bronchopneumopathie-chronique-obstructive\/\" \/>\n<meta property=\"og:locale\" content=\"fr_FR\" \/>\n<meta property=\"og:type\" content=\"article\" \/>\n<meta property=\"og:title\" content=\"BPCO - Bronchopneumopathie Chronique Obstructive - philippeau.eu\" \/>\n<meta property=\"og:description\" content=\"La BPCO (bronchopneumopathie chronique obstructive), cette maladie qui accompagne souvent le cancer du poumon ayant pour cause commune principale le tabac.\" \/>\n<meta property=\"og:url\" content=\"https:\/\/www.philippeau.eu\/blog\/cancer-du-poumon\/bpco-bronchopneumopathie-chronique-obstructive\/\" \/>\n<meta property=\"og:site_name\" content=\"philippeau.eu\" \/>\n<meta property=\"article:publisher\" content=\"https:\/\/www.facebook.com\/laurent.philippeau\" \/>\n<meta property=\"article:modified_time\" content=\"2022-06-24T13:51:00+00:00\" \/>\n<meta property=\"og:image\" content=\"https:\/\/www.philippeau.eu\/blog\/wp-content\/uploads\/2019\/11\/Image_mise_en_avant_1060x700.jpg\" \/>\n\t<meta property=\"og:image:width\" content=\"1060\" \/>\n\t<meta property=\"og:image:height\" content=\"700\" \/>\n\t<meta property=\"og:image:type\" content=\"image\/jpeg\" \/>\n<meta name=\"twitter:card\" content=\"summary_large_image\" \/>\n<meta name=\"twitter:label1\" content=\"Dur\u00e9e de lecture estim\u00e9e\" \/>\n\t<meta name=\"twitter:data1\" content=\"3 minutes\" \/>\n<script type=\"application\/ld+json\" class=\"yoast-schema-graph\">{\"@context\":\"https:\\\/\\\/schema.org\",\"@graph\":[{\"@type\":\"WebPage\",\"@id\":\"https:\\\/\\\/www.philippeau.eu\\\/blog\\\/cancer-du-poumon\\\/bpco-bronchopneumopathie-chronique-obstructive\\\/\",\"url\":\"https:\\\/\\\/www.philippeau.eu\\\/blog\\\/cancer-du-poumon\\\/bpco-bronchopneumopathie-chronique-obstructive\\\/\",\"name\":\"BPCO - Bronchopneumopathie Chronique Obstructive - philippeau.eu\",\"isPartOf\":{\"@id\":\"https:\\\/\\\/www.philippeau.eu\\\/blog\\\/#website\"},\"primaryImageOfPage\":{\"@id\":\"https:\\\/\\\/www.philippeau.eu\\\/blog\\\/cancer-du-poumon\\\/bpco-bronchopneumopathie-chronique-obstructive\\\/#primaryimage\"},\"image\":{\"@id\":\"https:\\\/\\\/www.philippeau.eu\\\/blog\\\/cancer-du-poumon\\\/bpco-bronchopneumopathie-chronique-obstructive\\\/#primaryimage\"},\"thumbnailUrl\":\"https:\\\/\\\/www.philippeau.eu\\\/blog\\\/wp-content\\\/uploads\\\/2019\\\/11\\\/Image_mise_en_avant_1060x700.jpg\",\"datePublished\":\"2019-11-19T23:02:43+00:00\",\"dateModified\":\"2022-06-24T13:51:00+00:00\",\"description\":\"La BPCO (bronchopneumopathie chronique obstructive), cette maladie qui accompagne souvent le cancer du poumon ayant pour cause commune principale le tabac.\",\"breadcrumb\":{\"@id\":\"https:\\\/\\\/www.philippeau.eu\\\/blog\\\/cancer-du-poumon\\\/bpco-bronchopneumopathie-chronique-obstructive\\\/#breadcrumb\"},\"inLanguage\":\"fr-FR\",\"potentialAction\":[{\"@type\":\"ReadAction\",\"target\":[\"https:\\\/\\\/www.philippeau.eu\\\/blog\\\/cancer-du-poumon\\\/bpco-bronchopneumopathie-chronique-obstructive\\\/\"]}]},{\"@type\":\"ImageObject\",\"inLanguage\":\"fr-FR\",\"@id\":\"https:\\\/\\\/www.philippeau.eu\\\/blog\\\/cancer-du-poumon\\\/bpco-bronchopneumopathie-chronique-obstructive\\\/#primaryimage\",\"url\":\"https:\\\/\\\/www.philippeau.eu\\\/blog\\\/wp-content\\\/uploads\\\/2019\\\/11\\\/Image_mise_en_avant_1060x700.jpg\",\"contentUrl\":\"https:\\\/\\\/www.philippeau.eu\\\/blog\\\/wp-content\\\/uploads\\\/2019\\\/11\\\/Image_mise_en_avant_1060x700.jpg\",\"width\":1060,\"height\":700,\"caption\":\"BPCO\"},{\"@type\":\"BreadcrumbList\",\"@id\":\"https:\\\/\\\/www.philippeau.eu\\\/blog\\\/cancer-du-poumon\\\/bpco-bronchopneumopathie-chronique-obstructive\\\/#breadcrumb\",\"itemListElement\":[{\"@type\":\"ListItem\",\"position\":1,\"name\":\"Accueil\",\"item\":\"https:\\\/\\\/www.philippeau.eu\\\/blog\\\/\"},{\"@type\":\"ListItem\",\"position\":2,\"name\":\"Mon Cancer du Poumon\",\"item\":\"https:\\\/\\\/www.philippeau.eu\\\/blog\\\/cancer-du-poumon\\\/\"},{\"@type\":\"ListItem\",\"position\":3,\"name\":\"BPCO &#8211; Bronchopneumopathie Chronique Obstructive\"}]},{\"@type\":\"WebSite\",\"@id\":\"https:\\\/\\\/www.philippeau.eu\\\/blog\\\/#website\",\"url\":\"https:\\\/\\\/www.philippeau.eu\\\/blog\\\/\",\"name\":\"philippeau.eu\",\"description\":\"\",\"publisher\":{\"@id\":\"https:\\\/\\\/www.philippeau.eu\\\/blog\\\/#\\\/schema\\\/person\\\/d0321ac69485a2fa34a86270145a4038\"},\"potentialAction\":[{\"@type\":\"SearchAction\",\"target\":{\"@type\":\"EntryPoint\",\"urlTemplate\":\"https:\\\/\\\/www.philippeau.eu\\\/blog\\\/?s={search_term_string}\"},\"query-input\":{\"@type\":\"PropertyValueSpecification\",\"valueRequired\":true,\"valueName\":\"search_term_string\"}}],\"inLanguage\":\"fr-FR\"},{\"@type\":[\"Person\",\"Organization\"],\"@id\":\"https:\\\/\\\/www.philippeau.eu\\\/blog\\\/#\\\/schema\\\/person\\\/d0321ac69485a2fa34a86270145a4038\",\"name\":\"Laurent\",\"image\":{\"@type\":\"ImageObject\",\"inLanguage\":\"fr-FR\",\"@id\":\"https:\\\/\\\/www.philippeau.eu\\\/blog\\\/wp-content\\\/uploads\\\/2020\\\/11\\\/cropped-PL_logo_initiales_img.png\",\"url\":\"https:\\\/\\\/www.philippeau.eu\\\/blog\\\/wp-content\\\/uploads\\\/2020\\\/11\\\/cropped-PL_logo_initiales_img.png\",\"contentUrl\":\"https:\\\/\\\/www.philippeau.eu\\\/blog\\\/wp-content\\\/uploads\\\/2020\\\/11\\\/cropped-PL_logo_initiales_img.png\",\"width\":512,\"height\":512,\"caption\":\"Laurent\"},\"logo\":{\"@id\":\"https:\\\/\\\/www.philippeau.eu\\\/blog\\\/wp-content\\\/uploads\\\/2020\\\/11\\\/cropped-PL_logo_initiales_img.png\"},\"description\":\"Propri\u00e9taire et webmaster du site www.philippeau.eu\",\"sameAs\":[\"https:\\\/\\\/www.philippeau.eu\",\"https:\\\/\\\/www.facebook.com\\\/laurent.philippeau\",\"https:\\\/\\\/www.youtube.com\\\/channel\\\/UCgwFBEt9Dv03TyDiBPNGL-Q\"]}]}<\/script>\n<!-- \/ Yoast SEO plugin. -->","yoast_head_json":{"title":"BPCO - Bronchopneumopathie Chronique Obstructive - philippeau.eu","description":"La BPCO (bronchopneumopathie chronique obstructive), cette maladie qui accompagne souvent le cancer du poumon ayant pour cause commune principale le tabac.","robots":{"index":"index","follow":"follow","max-snippet":"max-snippet:-1","max-image-preview":"max-image-preview:large","max-video-preview":"max-video-preview:-1"},"canonical":"https:\/\/www.philippeau.eu\/blog\/cancer-du-poumon\/bpco-bronchopneumopathie-chronique-obstructive\/","og_locale":"fr_FR","og_type":"article","og_title":"BPCO - Bronchopneumopathie Chronique Obstructive - philippeau.eu","og_description":"La BPCO (bronchopneumopathie chronique obstructive), cette maladie qui accompagne souvent le cancer du poumon ayant pour cause commune principale le tabac.","og_url":"https:\/\/www.philippeau.eu\/blog\/cancer-du-poumon\/bpco-bronchopneumopathie-chronique-obstructive\/","og_site_name":"philippeau.eu","article_publisher":"https:\/\/www.facebook.com\/laurent.philippeau","article_modified_time":"2022-06-24T13:51:00+00:00","og_image":[{"width":1060,"height":700,"url":"https:\/\/www.philippeau.eu\/blog\/wp-content\/uploads\/2019\/11\/Image_mise_en_avant_1060x700.jpg","type":"image\/jpeg"}],"twitter_card":"summary_large_image","twitter_misc":{"Dur\u00e9e de lecture estim\u00e9e":"3 minutes"},"schema":{"@context":"https:\/\/schema.org","@graph":[{"@type":"WebPage","@id":"https:\/\/www.philippeau.eu\/blog\/cancer-du-poumon\/bpco-bronchopneumopathie-chronique-obstructive\/","url":"https:\/\/www.philippeau.eu\/blog\/cancer-du-poumon\/bpco-bronchopneumopathie-chronique-obstructive\/","name":"BPCO - Bronchopneumopathie Chronique Obstructive - philippeau.eu","isPartOf":{"@id":"https:\/\/www.philippeau.eu\/blog\/#website"},"primaryImageOfPage":{"@id":"https:\/\/www.philippeau.eu\/blog\/cancer-du-poumon\/bpco-bronchopneumopathie-chronique-obstructive\/#primaryimage"},"image":{"@id":"https:\/\/www.philippeau.eu\/blog\/cancer-du-poumon\/bpco-bronchopneumopathie-chronique-obstructive\/#primaryimage"},"thumbnailUrl":"https:\/\/www.philippeau.eu\/blog\/wp-content\/uploads\/2019\/11\/Image_mise_en_avant_1060x700.jpg","datePublished":"2019-11-19T23:02:43+00:00","dateModified":"2022-06-24T13:51:00+00:00","description":"La BPCO (bronchopneumopathie chronique obstructive), cette maladie qui accompagne souvent le cancer du poumon ayant pour cause commune principale le tabac.","breadcrumb":{"@id":"https:\/\/www.philippeau.eu\/blog\/cancer-du-poumon\/bpco-bronchopneumopathie-chronique-obstructive\/#breadcrumb"},"inLanguage":"fr-FR","potentialAction":[{"@type":"ReadAction","target":["https:\/\/www.philippeau.eu\/blog\/cancer-du-poumon\/bpco-bronchopneumopathie-chronique-obstructive\/"]}]},{"@type":"ImageObject","inLanguage":"fr-FR","@id":"https:\/\/www.philippeau.eu\/blog\/cancer-du-poumon\/bpco-bronchopneumopathie-chronique-obstructive\/#primaryimage","url":"https:\/\/www.philippeau.eu\/blog\/wp-content\/uploads\/2019\/11\/Image_mise_en_avant_1060x700.jpg","contentUrl":"https:\/\/www.philippeau.eu\/blog\/wp-content\/uploads\/2019\/11\/Image_mise_en_avant_1060x700.jpg","width":1060,"height":700,"caption":"BPCO"},{"@type":"BreadcrumbList","@id":"https:\/\/www.philippeau.eu\/blog\/cancer-du-poumon\/bpco-bronchopneumopathie-chronique-obstructive\/#breadcrumb","itemListElement":[{"@type":"ListItem","position":1,"name":"Accueil","item":"https:\/\/www.philippeau.eu\/blog\/"},{"@type":"ListItem","position":2,"name":"Mon Cancer du Poumon","item":"https:\/\/www.philippeau.eu\/blog\/cancer-du-poumon\/"},{"@type":"ListItem","position":3,"name":"BPCO &#8211; Bronchopneumopathie Chronique Obstructive"}]},{"@type":"WebSite","@id":"https:\/\/www.philippeau.eu\/blog\/#website","url":"https:\/\/www.philippeau.eu\/blog\/","name":"philippeau.eu","description":"","publisher":{"@id":"https:\/\/www.philippeau.eu\/blog\/#\/schema\/person\/d0321ac69485a2fa34a86270145a4038"},"potentialAction":[{"@type":"SearchAction","target":{"@type":"EntryPoint","urlTemplate":"https:\/\/www.philippeau.eu\/blog\/?s={search_term_string}"},"query-input":{"@type":"PropertyValueSpecification","valueRequired":true,"valueName":"search_term_string"}}],"inLanguage":"fr-FR"},{"@type":["Person","Organization"],"@id":"https:\/\/www.philippeau.eu\/blog\/#\/schema\/person\/d0321ac69485a2fa34a86270145a4038","name":"Laurent","image":{"@type":"ImageObject","inLanguage":"fr-FR","@id":"https:\/\/www.philippeau.eu\/blog\/wp-content\/uploads\/2020\/11\/cropped-PL_logo_initiales_img.png","url":"https:\/\/www.philippeau.eu\/blog\/wp-content\/uploads\/2020\/11\/cropped-PL_logo_initiales_img.png","contentUrl":"https:\/\/www.philippeau.eu\/blog\/wp-content\/uploads\/2020\/11\/cropped-PL_logo_initiales_img.png","width":512,"height":512,"caption":"Laurent"},"logo":{"@id":"https:\/\/www.philippeau.eu\/blog\/wp-content\/uploads\/2020\/11\/cropped-PL_logo_initiales_img.png"},"description":"Propri\u00e9taire et webmaster du site www.philippeau.eu","sameAs":["https:\/\/www.philippeau.eu","https:\/\/www.facebook.com\/laurent.philippeau","https:\/\/www.youtube.com\/channel\/UCgwFBEt9Dv03TyDiBPNGL-Q"]}]}},"jetpack_likes_enabled":true,"jetpack_sharing_enabled":true,"_links":{"self":[{"href":"https:\/\/www.philippeau.eu\/blog\/wp-json\/wp\/v2\/pages\/1783","targetHints":{"allow":["GET"]}}],"collection":[{"href":"https:\/\/www.philippeau.eu\/blog\/wp-json\/wp\/v2\/pages"}],"about":[{"href":"https:\/\/www.philippeau.eu\/blog\/wp-json\/wp\/v2\/types\/page"}],"author":[{"embeddable":true,"href":"https:\/\/www.philippeau.eu\/blog\/wp-json\/wp\/v2\/users\/1"}],"replies":[{"embeddable":true,"href":"https:\/\/www.philippeau.eu\/blog\/wp-json\/wp\/v2\/comments?post=1783"}],"version-history":[{"count":3,"href":"https:\/\/www.philippeau.eu\/blog\/wp-json\/wp\/v2\/pages\/1783\/revisions"}],"predecessor-version":[{"id":189675,"href":"https:\/\/www.philippeau.eu\/blog\/wp-json\/wp\/v2\/pages\/1783\/revisions\/189675"}],"up":[{"embeddable":true,"href":"https:\/\/www.philippeau.eu\/blog\/wp-json\/wp\/v2\/pages\/9"}],"wp:featuredmedia":[{"embeddable":true,"href":"https:\/\/www.philippeau.eu\/blog\/wp-json\/wp\/v2\/media\/189650"}],"wp:attachment":[{"href":"https:\/\/www.philippeau.eu\/blog\/wp-json\/wp\/v2\/media?parent=1783"}],"curies":[{"name":"wp","href":"https:\/\/api.w.org\/{rel}","templated":true}]}}