{"id":128,"date":"2013-06-16T12:34:50","date_gmt":"2013-06-16T11:34:50","guid":{"rendered":"http:\/\/www.philippeau.eu\/blog\/?page_id=128"},"modified":"2025-12-06T19:12:43","modified_gmt":"2025-12-06T17:12:43","slug":"liens","status":"publish","type":"page","link":"https:\/\/www.philippeau.eu\/blog\/cancer-du-poumon\/liens\/","title":{"rendered":"Liens utiles"},"content":{"rendered":"<p><span style=\"color: #ff0000;\"><strong>!!!! Cette page de liens sera encore et toujours en construction\u00a0 &#8211; Page mise \u00e0 jour le 06\/12\/2025 !!!!<\/strong><\/span><\/p>\n<p style=\"text-align: justify;\">Notez que vous pouvez trouver quantit\u00e9 d&rsquo;informations et de liens utiles en rapport avec le cancer du poumon, les traitements et examens, tout au long de la lecture de <a title=\"Mon Cancer du Poumon\" href=\"http:\/\/www.philippeau.eu\/blog\/cancer-du-poumon\/\">mon parcours<\/a>. Certains de ces liens (pas tous) sont regroup\u00e9s sur cette page qui en recense aussi d&rsquo;autres, trouv\u00e9s apr\u00e8s la publication des diff\u00e9rentes pages de mon parcours.<\/p>\n<p style=\"text-align: justify;\">Ne pas h\u00e9siter \u00e0 me <a title=\"Contact\" href=\"http:\/\/www.philippeau.eu\/blog\/contact\/\">contacter<\/a> pour me signaler <em>les liens rompus<\/em>. <strong>Merci<\/strong>.<\/p>\n<h2>O\u00f9 se faire soigner et suivre ?<\/h2>\n<p>Il n&rsquo;est pas simple de choisir dans quel \u00e9tablissement se faire soigner. Voici quelques liens qui peuvent vous aider \u00e0 trouver le bon.<\/p>\n<ul>\n<li style=\"text-align: justify;\">Rechercher un \u00e9tablissement de soins en canc\u00e9rologie sur <a href=\"https:\/\/www.cancer.fr\/personnes-malades\/carte-des-etablissements-de-soins-en-cancerologie\" target=\"_blank\" rel=\"noopener\">cancer.fr<\/a>. <span style=\"color: #ff0000;\">(lien mis \u00e0 jour le 06\/12\/2025)<\/span><\/li>\n<li style=\"text-align: justify;\">Service Sant\u00e9clair r\u00e9serv\u00e9 aux assur\u00e9s des compl\u00e9mentaires sant\u00e9partenaires de Sant\u00e9clair : <a href=\"https:\/\/www.santeclair.fr\/fr\/beneficiaire\/choisir-meilleur-etablissement-hospitalier#\" target=\"_blank\" rel=\"nofollow noopener noreferrer\">https:\/\/www.santeclair.fr\/fr\/beneficiaire\/choisir-meilleur-etablissement-hospitalier#<\/a>\u00a0<span style=\"color: #ff0000;\">(lien mis \u00e0 jour le 06\/12\/2025)<\/span>.<\/li>\n<li style=\"text-align: justify;\"><a title=\"UNICANCER (nouvelle fen\u00eatre)\" href=\"http:\/\/www.unicancer.fr\/\" target=\"_blank\" rel=\"noopener noreferrer\">UNICANCER<\/a> :\u00a0D\u00e9couvrez UNICANCER, groupe hospitalier exclusivement d\u00e9di\u00e9 \u00e0 la lutte contre le cancer. UNICANCER r\u00e9unit les 20 Centres de lutte contre le cancer (CLCC) : \u00e9tablissements priv\u00e9s, \u00e0 but non lucratif, assurant une triple mission de soins, recherche et formation dans le domaine de la canc\u00e9rologie. Pr\u00e9sent dans 16 r\u00e9gions fran\u00e7aises, UNICANCER porte un mod\u00e8le unique de prise en charge des patients.<\/li>\n<li>Rechercher un <a title=\"Professionnel de sant\u00e9 (nouvelle fen\u00eatre)\" href=\"https:\/\/annuairesante.ameli.fr\/\" target=\"_blank\" rel=\"noopener noreferrer\">professionnel de sant\u00e9<\/a> <span style=\"color: #ff0000;\">(lien mis \u00e0 jour le 06\/12\/2025) <\/span>par profession, acte et\/ou localisation dans l&rsquo;annuaire sant\u00e9 du site amelie.fr<\/li>\n<\/ul>\n<h2>Liens vers les structures en Mayenne<\/h2>\n<p style=\"text-align: justify;\">Je vous laisse le soin de comparer les \u00e9tablissements mayennais pour voir qui peut op\u00e9rer vos poumons, faire de la chimioth\u00e9rapie, poss\u00e8de un service pneumologie, etc&#8230;<br \/>\n<a title=\"Trouver un pneumologue en Mayenne (nouvelle fen\u00eatre)\" href=\"https:\/\/www.sante.fr\/recherche\/trouver\/pneumologue\/53000%2C%20Laval%2C%20Mayenne\" target=\"_blank\" rel=\"noopener noreferrer\">Voil\u00e0 le lien sur sante.fr<\/a> <span style=\"color: #ff0000;\">(lien mis \u00e0 jour le 06\/12\/2025) <\/span>pour trouver un pneumologue en Mayenne (seulement 2 le 06\/12\/2025) et <a title=\"doctolib.r (nouvelle fen\u00eatre)\" href=\"https:\/\/www.doctolib.fr\/pneumologue\/departement-mayenne\" target=\"_blank\" rel=\"noopener noreferrer\">un autre lien ici (doctolib.fr)<\/a>.<br \/>\nPersonnellement, je trouve que la Mayenne est bien mal \u00e9quip\u00e9e en 2013 pour soigner un cancer du poumon (il ne semble pas avoir eu d&rsquo;am\u00e9lioration \u00e0 ce de 2025).<\/p>\n<ul>\n<li style=\"list-style-type: none;\">\n<ul>\n<li><a title=\"Centre Hospitalier de Laval\" href=\"http:\/\/www.chlaval.fr\/\" target=\"_blank\" rel=\"noopener noreferrer\">Centre Hospitalier de Laval<\/a><\/li>\n<li><a title=\"Polyclinique du Maine (nouvelle fen\u00eatre)\" href=\"http:\/\/www.polyclinique-maine.fr\/\" target=\"_blank\" rel=\"noopener noreferrer\">Polyclinique du Maine<\/a> Laval<\/li>\n<li><a title=\"Centre Hospitalier du Nord Mayenne CHNM (nouvelle fen\u00eatre)\" href=\"http:\/\/www.ch-mayenne.fr\/\" target=\"_blank\" rel=\"noopener noreferrer\">Centre Hospitalier du Nord Mayenne<\/a> CHNM<\/li>\n<li>H\u00f4pital local d&rsquo;Ern\u00e9e &#8211; 20 Avenue de Paris, 53500 Ern\u00e9e\u00a0&#8211; direction@ch-ernee.fr &#8211; t\u00e9l. : 02 43 08 31 31<\/li>\n<li><a title=\"Centre Hospitalier du Haut Anjou (nouvelle fen\u00eatre)\" href=\"http:\/\/www.ch-hautanjou.fr\/\" target=\"_blank\" rel=\"noopener noreferrer\">Centre Hospitalier du Haut Anjou<\/a> Ch\u00e2teau Gontier-Segr\u00e9<\/li>\n<\/ul>\n<\/li>\n<\/ul>\n<h2>Les \u00e9tablissements que j&rsquo;ai choisis et ceux o\u00f9 j&rsquo;ai \u00e9t\u00e9 envoy\u00e9 dans mon parcours.<\/h2>\n<h3>Village Sant\u00e9 Angers Loire<\/h3>\n<figure id=\"attachment_142\" aria-describedby=\"caption-attachment-142\" style=\"width: 474px\" class=\"wp-caption aligncenter\"><a title=\"Maison_Specialistes\" href=\"http:\/\/www.philippeau.eu\/blog\/wp-content\/uploads\/2013\/06\/Maison_Specialistes.jpg\" target=\"_blank\" data-rel=\"lightbox-gallery-0\" data-rl_title=\"Maison_Specialistes\" data-rl_caption=\"Photos - La Maison des Sp\u00e9cialistes au Village Sant\u00e9 Angers Loire.\"><img loading=\"lazy\" decoding=\"async\" data-attachment-id=\"142\" data-permalink=\"https:\/\/www.philippeau.eu\/blog\/cancer-du-poumon\/liens\/maison_specialistes\/\" data-orig-file=\"https:\/\/www.philippeau.eu\/blog\/wp-content\/uploads\/2013\/06\/Maison_Specialistes.jpg\" data-orig-size=\"1239,700\" data-comments-opened=\"1\" data-image-meta=\"{&quot;aperture&quot;:&quot;0&quot;,&quot;credit&quot;:&quot;&quot;,&quot;camera&quot;:&quot;&quot;,&quot;caption&quot;:&quot;&quot;,&quot;created_timestamp&quot;:&quot;0&quot;,&quot;copyright&quot;:&quot;&quot;,&quot;focal_length&quot;:&quot;0&quot;,&quot;iso&quot;:&quot;0&quot;,&quot;shutter_speed&quot;:&quot;0&quot;,&quot;title&quot;:&quot;&quot;,&quot;orientation&quot;:&quot;0&quot;}\" data-image-title=\"Maison_Specialistes\" data-image-description=\"&lt;p&gt;La Maison des Sp\u00e9cialistes au Village Sant\u00e9 Angers Loire.&lt;\/p&gt;\n\" data-image-caption=\"&lt;p&gt;Photos &amp;#8211; La Maison des Sp\u00e9cialistes au Village Sant\u00e9 Angers Loire.&lt;\/p&gt;\n\" data-large-file=\"https:\/\/www.philippeau.eu\/blog\/wp-content\/uploads\/2013\/06\/Maison_Specialistes-1024x578.jpg\" class=\"wp-image-142 size-large\" title=\"Maison des sp\u00e9cialistes\" src=\"http:\/\/www.philippeau.eu\/blog\/wp-content\/uploads\/2013\/06\/Maison_Specialistes-1024x578.jpg\" alt=\"Maison des sp\u00e9cialistes\" width=\"474\" height=\"267\" srcset=\"https:\/\/www.philippeau.eu\/blog\/wp-content\/uploads\/2013\/06\/Maison_Specialistes-1024x578.jpg 1024w, https:\/\/www.philippeau.eu\/blog\/wp-content\/uploads\/2013\/06\/Maison_Specialistes-300x169.jpg 300w, https:\/\/www.philippeau.eu\/blog\/wp-content\/uploads\/2013\/06\/Maison_Specialistes.jpg 1239w\" sizes=\"auto, (max-width: 474px) 100vw, 474px\" \/><\/a><figcaption id=\"caption-attachment-142\" class=\"wp-caption-text\">La Maison des Sp\u00e9cialistes au Village Sant\u00e9 Angers Loire.<\/figcaption><\/figure>\n<p style=\"text-align: justify;\">Si vous avez lu la page \u00ab\u00a0<a href=\"http:\/\/www.philippeau.eu\/blog\/cancer-du-poumon\/le-diagnostic\/\">Diagnostic de la maladie<\/a>\u00ab\u00a0, vous savez comment j&rsquo;ai fait mon choix.<br \/>\nMon choix s&rsquo;est tourn\u00e9 vers le <a title=\"Village Sant\u00e9 Angers Loire (ouvre dans une nouvelle fen\u00eatre)\" href=\"http:\/\/www.villagesante.fr\" target=\"_blank\" rel=\"noopener noreferrer\">Village Sant\u00e9 Angers Loire<\/a> \u00e0 Tr\u00e9laz\u00e9 pour y trouver une pneumologue que je consulte \u00e0 la maison des sp\u00e9cialiste.<br \/>\nJe ne peux que recommander le p\u00f4le sant\u00e9 \u00ab\u00a0Village Sant\u00e9 Angers Loire\u00a0\u00bb de Tr\u00e9laz\u00e9 et ma pneumologue, le <a title=\"Dr Hemery-Beneteau (ma pneumologue)\" href=\"http:\/\/www.villagesante.fr\/praticiens\/dr-sandrine-hemery-beneteau\/\" target=\"_blank\" rel=\"noopener noreferrer\">Dr HEMERY-BENETEAU Sandrine<\/a>.<\/p>\n<h3>Clinique Saint Joseph<\/h3>\n<p>Ce qui est pratique avec ce choix, c&rsquo;est que je n&rsquo;ai pas eu besoin de courir \u00e0 diff\u00e9rents endroits pour \u00eatre bien pris en charge. La <a href=\"https:\/\/www.cliniquesaintjoseph.fr\/\" target=\"_blank\" rel=\"noopener\">clinique Saint Joseph<\/a> <span style=\"color: #ff0000;\">(lien ajout\u00e9 le 06\/12\/2025)<\/span> se trouve \u00e0 cot\u00e9 de la maison des sp\u00e9cialistes. Les scanners, I.R.M., radios, bronchoscopies, les op\u00e9rations du poumon, s\u00e9ances de chimioth\u00e9rapie, tout ce dont j&rsquo;ai eu besoin \u00e0 un moment donn\u00e9 ou un autre est sur place. J&rsquo;y ai m\u00eame rencontr\u00e9 une assistante sociale pendant la chimio qui m&rsquo;a fait d\u00e9couvrir et a remplie ma demande d&rsquo;allocation adulte handicap\u00e9. Pendant ces s\u00e9ances, j&rsquo;ai aussi eu l&rsquo;opportunit\u00e9 de dialoguer avec une psychologue.<\/p>\n<ul>\n<li>Ma r\u00e9section de c\u00f4te et ma lobectomie sup\u00e9rieure droite ont \u00e9t\u00e9 r\u00e9alis\u00e9es par le <a href=\"https:\/\/www.cliniquesaintjoseph.fr\/annuaire-praticiens\/chirurgie-vasculaire-thoracique\/dr-olivier-regnard-2\/\" target=\"_blank\" rel=\"noopener\">Dr REGNARD Olivier<\/a> <span style=\"color: #ff0000;\">(lien ajout\u00e9 le 06\/12\/2025)<\/span>.<\/li>\n<li>La reprise 15 jours apr\u00e8s et la pneumonectomie en novembre ont \u00e9t\u00e9 r\u00e9alis\u00e9es par le <a href=\"https:\/\/www.cliniquesaintjoseph.fr\/annuaire-praticiens\/chirurgie-vasculaire-thoracique\/dr-yann-jousset-2\/\" target=\"_blank\" rel=\"noopener\">Dr JOUSSET Yann<\/a> <span style=\"color: #ff0000;\">(lien ajout\u00e9 le 06\/12\/2025)<\/span>.<\/li>\n<\/ul>\n<h3>ICO Paul Papin, ANGERS<\/h3>\n<p style=\"text-align: justify;\">Je suis suivi par le\u00a0<a href=\"https:\/\/www.institut-cancerologie-ouest.com\/annuaire?texte=Lebrec&amp;services%5B50%5D=50&amp;localisation%5B2%5D=2\" target=\"_blank\" rel=\"noopener noreferrer\">Dr LEBREC Nathalie<\/a> <span style=\"color: #ff0000;\">(lien mis \u00e0 jour le 06\/12\/2025)<\/span> dans le service anti-douleurs de L&rsquo;ICO (<a title=\"Institut de Canc\u00e9rologie de l'Ouest (nouvelle fen\u00eatre)\" href=\"https:\/\/www.institut-cancerologie-ouest.com\/un-institut-deux-sites\" target=\"_blank\" rel=\"noopener noreferrer\">Institut de Canc\u00e9rologie de l&rsquo;Ouest<\/a>) <span style=\"color: #ff0000;\">(lien mis \u00e0 jour le 06\/12\/2025)<\/span> <strong>Site Paul Papin<\/strong>, 15 Rue Andr\u00e9 Bocquel, 49100 Angers Cedex 02 &#8211; T\u00e9l. : 02 41 35 27 00. Depuis janvier 2014 pour mes douleurs neuropathiques p\u00e9riph\u00e9riques.<\/p>\n<h2>Quelques liens utiles pour en savoir plus en g\u00e9n\u00e9ral<\/h2>\n<h4>Le cancer du poumon<\/h4>\n<ul>\n<li><a title=\"Le cancer du poumon sur le site de l'institut nationale du cancer (nouvelle fen\u00eatre)\" href=\"https:\/\/www.cancer.fr\/catalogue-des-publications\" target=\"_blank\" rel=\"noopener noreferrer\">Institut National du Cancer<\/a> (tr\u00e8s bon site avec de nombreux documents .pdf tr\u00e8s complets \u00e0 t\u00e9l\u00e9charger).<\/li>\n<li><a title=\"Document .pdf du site e-cancer.fr\" href=\"https:\/\/www.cancer.fr\/catalogue-des-publications\/patients-atteints-d-un-cancer-bronchique-non-a-petites-cellules-indications-des-tests-moleculaires-en-vue-de-la-prescription-de-traitements-de-pr\" target=\"_blank\" rel=\"noopener noreferrer\">Patients atteints d&rsquo;un cancer bronchique non \u00e0 petites cellules : indications des tests mol\u00e9culaires en vue de la prescription de traitements de pr\u00e9cision<\/a> &#8211; Document.pdf \u00e0 t\u00e9l\u00e9charger sur le site Institut National du Cancer <span style=\"color: #ff0000;\">(lien mis \u00e0 jour le 06\/12\/2025)<\/span>.<\/li>\n<li><a title=\"Le cancer du poumon sur le site de la ligue contre le cancer.\" href=\"http:\/\/www.ligue-cancer.net\/localisation\/poumon\" target=\"_blank\" rel=\"noopener noreferrer\">La ligue contre le cancer<\/a>\u00a0<span style=\"color: #ff0000;\">(lien mis \u00e0 jour le 06\/12\/2025)<\/span>.<\/li>\n<li><a href=\"https:\/\/www.gustaveroussy.fr\/fr\/cancer-poumon\" target=\"_blank\" rel=\"noopener noreferrer\">Cancer du poumon<\/a> &#8211; Gustav Roussy<\/li>\n<li><a title=\"Le cancer du poumon sur le site de l'institut Curie.\" href=\"https:\/\/curie.fr\/dossier-pedagogique\/le-cancer-du-poumon\" target=\"_blank\" rel=\"noopener noreferrer\">Institut Curie<\/a>.<\/li>\n<li>Sur le site de l&rsquo;Assurance Maladie, <a title=\"Le cancer du poumon sur le site ameli-sante.fr\" href=\"https:\/\/www.ameli.fr\/assure\/sante\/themes\/cancer-poumon\" target=\"_blank\" rel=\"noopener noreferrer\">ameli.fr<\/a>\u00a0<span style=\"color: #ff0000;\">(lien mis \u00e0 jour le 06\/12\/2025)<\/span>.<\/li>\n<li><a title=\"Le cancer du poumon sur le site LE FIGARO.fr\" href=\"http:\/\/sante.lefigaro.fr\/sante\/maladie\/cancer-poumon\/quest-ce-que-cest\" target=\"_blank\" rel=\"noopener noreferrer\">LE FIGARO.fr<\/a>.<\/li>\n<li>Sur le site, <a title=\"Le cancer du poumon sur le site Doctissimo\" href=\"http:\/\/www.doctissimo.fr\/html\/dossiers\/cancer_poumon.htm\" target=\"_blank\" rel=\"noopener noreferrer\">Doctissimo<\/a>.<\/li>\n<li style=\"text-align: justify;\"><a title=\"Cancer Poumons, Lung Cancer\" href=\"https:\/\/www.facebook.com\/pages\/Cancer-Poumons-Lung-Cancer\/317972938355175\" target=\"_blank\" rel=\"noopener noreferrer\">Cancer Poumons, Lung Cancer<\/a> : Partage d&rsquo;informations concernant le(s) cancer(s) poumon(s) (page facebook).<\/li>\n<\/ul>\n<h4>Chirurgie<\/h4>\n<ul>\n<li><a title=\"Les diff\u00e9rents types d'ex\u00e9r\u00e8ses pulmonaires\" href=\"https:\/\/www.cancer.fr\/personnes-malades\/les-cancers\/poumon\/traitements\/chirurgie\/les-differents-types-d-intervention\" target=\"_blank\" rel=\"noopener noreferrer\">Chirurgie du cancer du poumon : les diff\u00e9rents types d&rsquo;intervention<\/a>\u00a0sur le site Institut National du Cancer\u00a0<span style=\"color: #ff0000;\">(lien mis \u00e0 jour le 06\/12\/2025)<\/span>.<\/li>\n<\/ul>\n<h4>Chimioth\u00e9rapie<\/h4>\n<ul>\n<li><a href=\"http:\/\/www.arcagy.org\/infocancer\/traitement-du-cancer\/traitements-systemiques\/chimiotherapie\/les-medicaments\/les-protocoles-usuels.html\/\" target=\"_blank\" rel=\"noopener noreferrer\">LES PROTOCOLES USUELS<\/a>.<\/li>\n<li><a href=\"https:\/\/www.gustaveroussy.fr\/sites\/default\/files\/chimiotherapie-2016.pdf\" target=\"_blank\" rel=\"noopener noreferrer\">Votre chimioth\u00e9rapie<\/a> &#8211; Gustav Roussy document.pdf de 2016. <a href=\"https:\/\/www.gustaveroussy.fr\/fr\/chimiotherapie\" target=\"_blank\" rel=\"noopener\">Page sur le site<\/a> o\u00f9 est accessible le document.pdf\u00a0<span style=\"color: #ff0000;\">(lien ajout\u00e9 le 06\/12\/2025)<\/span>.<\/li>\n<\/ul>\n<h2>Quelques h\u00f4pitaux et cliniques de France<\/h2>\n<ul>\n<li><a title=\"L'institut du thorax sur le site de l'institut Curie.\" href=\"https:\/\/curie.fr\/page\/institut-du-thorax\" target=\"_blank\" rel=\"noopener noreferrer\">L&rsquo;institut du Thorax Curie &#8211; Montsouris<\/a> .<\/li>\n<li>L&rsquo;Express &#8211; <a href=\"https:\/\/www.slideshare.net\/Mettout\/lexpress-palmars-des-hpitaux-20152016\" target=\"_blank\" rel=\"noopener noreferrer\">Palmar\u00e8s des h\u00f4pitaux, 2015-2016<\/a>.<\/li>\n<li><a href=\"https:\/\/www.lepoint.fr\/sante\/hopitaux-et-cliniques-un-palmares-2019-plein-de-nouveautes-21-08-2019-2330944_40.php\" target=\"_blank\" rel=\"noopener noreferrer\">palmar\u00e8s 2019<\/a> &#8211; Le Point<\/li>\n<li><a href=\"https:\/\/www.lepoint.fr\/sante\/hopitaux-et-cliniques-notre-grand-classement-2025-des-etablissements-les-plus-performants-03-12-2025-2604652_40.php\" target=\"_blank\" rel=\"noopener\">H\u00f4pitaux et cliniques : notre grand classement 2025 des \u00e9tablissements les plus performants<\/a> &#8211; Le Point\u00a0<span style=\"color: #ff0000;\">(lien ajout\u00e9 le 06\/12\/2025)<\/span>.<\/li>\n<\/ul>\n<h2>Social<\/h2>\n<ul>\n<li><a title=\"Document .pdf du site e-cancer.fr\" href=\"https:\/\/www.cancer.fr\/catalogue-des-publications\/demarches-sociales-et-cancer\" target=\"_blank\" rel=\"noopener noreferrer\">D\u00e9marches sociales et cancer<\/a> &#8211; Guide date de publication 18 novembre 2025 (document.pdf) <span style=\"color: #ff0000;\">(lien mis \u00e0 jour le 06\/12\/2025)<\/span>.<\/li>\n<\/ul>\n<h2>Liens utiles pour trouver du soutien, discuter, poser des questions&#8230;<\/h2>\n<p style=\"text-align: justify;\">Vous pouvez bien entendu vous inscrire et participer sur <a href=\"http:\/\/www.philippeau.eu\/blog\/forum\/\">le forum<\/a> accessible et lisible uniquement par les membres. Il est param\u00e9tr\u00e9 pour que les moteurs de recherches n\u2019indexe aucune de ses pages et messages. Sinon, voici quelques liens&#8230; <span style=\"color: #ff0000;\">Ce forum est ferm\u00e9 jusqu&rsquo;\u00e0 nouvel ordre<\/span>.<\/p>\n<ul>\n<li style=\"text-align: justify;\"><a title=\"Mon R\u00e9seau Cancer du Poumon\" href=\"https:\/\/www.monreseau-cancerdupoumon.com\/\" target=\"_blank\" rel=\"noopener noreferrer\">Mon R\u00e9seau Cancer du Poumon<\/a>\u00a0<span style=\"color: #ff0000;\">(lien mis \u00e0 jour le 06\/12\/2025)<\/span>, le r\u00e9seau social pour les personnes touch\u00e9es par un cancer du poumon et leurs proches (<strong>j&rsquo;y suis inscrit et vous le recommande<\/strong>).<\/li>\n<li style=\"text-align: justify;\"><a title=\"ENSEMBLE CONTRE LE CANCER\" href=\"https:\/\/www.facebook.com\/groups\/ensemblecontrelecancersara\/\" target=\"_blank\" rel=\"noopener noreferrer\">ENSEMBLE CONTRE LE CANCER<\/a> : Groupe priv\u00e9 Facebook, seuls les membres peuvent voir qui est dans le groupe et ce qui est publi\u00e9.<\/li>\n<li style=\"text-align: justify;\">Page Facebook <a href=\"https:\/\/www.facebook.com\/CancerPoumons\/#\" target=\"_blank\" rel=\"noopener noreferrer\">Cancer poumons, Lung Cancer<\/a>\u00a0: cancers du poumon : partage d&rsquo;actualit\u00e9s m\u00e9dicales \/ associatives \/ blogueurs \/ t\u00e9moignages <span style=\"color: #ff0000;\">(lien ajout\u00e9 le 06\/12\/2025)<\/span>.<\/li>\n<li style=\"text-align: justify;\"><a href=\"http:\/\/www.association-ressource.org\/\" target=\"_blank\" rel=\"noopener noreferrer\">Les Centres Ressource<\/a> : Mieux-\u00eatre et Accompagnement Th\u00e9rapeutique des personnes touch\u00e9es par le cancer. Il existe actuellement 10 Centres Ressources, Aix en Provence depuis 2011, Mont\u00e9limar mars 2015, Montauban mars 2016, Reims, Saint-Avold, Lyon, Charleville M\u00e9zi\u00e8res, Gap, Vienne, Epernay.<\/li>\n<\/ul>\n<h2>La sant\u00e9 en g\u00e9n\u00e9ral<\/h2>\n<ul>\n<li><a href=\"https:\/\/www.reseau-chu.org\/32-chru\/\" target=\"_blank\" rel=\"noopener noreferrer\">L\u2019annuaire des CHU en France<\/a> &#8211; CHU R\u00e9seau <span style=\"color: #ff0000;\">(lien mis \u00e0 jour le 06\/12\/2025)<\/span>.<\/li>\n<li><a title=\"minist\u00e8re des Affaires sociales, de la Sant\u00e9 et des Droits des femmes\" href=\"http:\/\/www.sante.gouv.fr\/\" target=\"_blank\" rel=\"noopener noreferrer\">sante.gouv.fr<\/a> : Le site du Minist\u00e8re de la Sant\u00e9, des familles, de l&rsquo;autonomie et des personnes handicap\u00e9es.<\/li>\n<li><a href=\"http:\/\/www.cismef.org\/\" target=\"_blank\" rel=\"noopener noreferrer\">CiSMeF<\/a> &#8211; Catalogue et Index des Sites M\u00e9dicaux de langue Fran\u00e7aise <span style=\"color: #ff0000;\">(impossible d&rsquo;acc\u00e8s au 06\/12\/2025)<\/span>.<\/li>\n<\/ul>\n<h2>Les m\u00e9dicaments<\/h2>\n<ul>\n<li><a title=\"M\u00e9dicaments - Minist\u00e8re des Affaires sociales, de la Sant\u00e9 et des Droits des femmes - www.sante.gouv.fr\" href=\"https:\/\/sante.gouv.fr\/soins-et-maladies\/medicaments\/\" target=\"_blank\" rel=\"noopener noreferrer\">M\u00e9dicaments<\/a> : sur le site sante.gouv.fr <span style=\"color: #ff0000;\">(lien mis \u00e0 jour le 06\/12\/2025)<\/span>.<\/li>\n<li><a title=\"La base de donn\u00e9es publique des m\u00e9dicaments\" href=\"http:\/\/base-donnees-publique.medicaments.gouv.fr\/index.php\" target=\"_blank\" rel=\"noopener noreferrer\">La base de donn\u00e9es publique des m\u00e9dicaments<\/a>.<\/li>\n<li><a href=\"https:\/\/www.meamedica.fr\/\" target=\"_blank\" rel=\"noopener noreferrer\">meamedica.fr<\/a> : La plate-forme ind\u00e9pendante o\u00f9 l&rsquo;on partage les exp\u00e9riences avec les m\u00e9dicaments.<\/li>\n<\/ul>\n<h2>Douleurs Neuropathiques P\u00e9riph\u00e9riques<\/h2>\n<h5>Centres anti douleurs<\/h5>\n<ul>\n<li><a href=\"http:\/\/solidarites-sante.gouv.fr\/soins-et-maladies\/prises-en-charge-specialisees\/douleur\/les-structures-specialisees-douleur-chronique\/article\/les-structures-specialisees-douleur-chronique-sdc\" target=\"_blank\" rel=\"noopener noreferrer\">Les structures sp\u00e9cialis\u00e9es douleur chronique en France<\/a> &#8211; Le site du Minist\u00e8re de la Sant\u00e9, des familles, de l&rsquo;autonomie et des personnes handicap\u00e9es <span style=\"color: #ff0000;\">(lien mis \u00e0 jour le 06\/12\/2025)<\/span>.<\/li>\n<\/ul>\n<h5>Les patchs Qutenza :<\/h5>\n<ul>\n<li><a href=\"http:\/\/www.doctissimo.fr\/medicament-QUTENZA.htm\" target=\"_blank\" rel=\"noopener noreferrer\">Le patch sur Doctissimo.fr<\/a> (fr)<\/li>\n<li style=\"text-align: justify;\"><a href=\"https:\/\/www.ema.europa.eu\/fr\/documents\/product-information\/qutenza-epar-product-information_fr.pdf\" target=\"_blank\" rel=\"noopener noreferrer\">Pr\u00e9sentation du produit<\/a> (fr) EMEA (European Medicines Agency) <span style=\"color: #ff0000;\">(lien mis \u00e0 jour le 06\/12\/2025)<\/span>.<\/li>\n<li style=\"text-align: justify;\"><a href=\"http:\/\/www.ema.europa.eu\/docs\/fr_FR\/document_library\/EPAR_-_Summary_for_the_public\/human\/000909\/WC500040448.pdf\" target=\"_blank\" rel=\"noopener noreferrer\">R\u00e9sum\u00e9 EPAR \u00e0 l\u2019intention du public<\/a> (fr) EMEA (European Medicines Agency) <span style=\"color: #ff0000;\">(lien mis \u00e0 jour le 06\/12\/2025)<\/span>.<\/li>\n<li style=\"text-align: justify;\">afssaps &#8211; <a href=\"http:\/\/ansm.sante.fr\/var\/ansm_site\/storage\/original\/application\/7f0e7e574210e29fb0a1e6441e3bceed.pdf\" target=\"_blank\" rel=\"noopener noreferrer\">Qutenza (capsa\u00efcine)<\/a> (fr)\u00a0<span style=\"color: #ff0000;\">(lien mis \u00e0 jour le 06\/12\/2025)<\/span>.<\/li>\n<li style=\"text-align: justify;\"><a href=\"http:\/\/amelioretasante.com\/le-piment-fort-contre-le-cancer-le-miracle-de-la-capsaicine\/\" target=\"_blank\" rel=\"noopener noreferrer\">Le piment fort contre le cancer<\/a> (fr)<\/li>\n<\/ul>\n","protected":false},"excerpt":{"rendered":"<p>!!!! Cette page de liens sera encore et toujours en construction\u00a0 &#8211; Page mise \u00e0 jour le 06\/12\/2025 !!!! Notez que vous pouvez trouver quantit\u00e9 d&rsquo;informations et de liens utiles en rapport avec le cancer&#8230;<\/p>\n<div class=\"more-link-wrapper\"><a class=\"more-link\" href=\"https:\/\/www.philippeau.eu\/blog\/cancer-du-poumon\/liens\/\"><span class=\"more-text\">Continuer la lecture<\/span><\/a><\/div>\n","protected":false},"author":1,"featured_media":1384,"parent":9,"menu_order":15,"comment_status":"open","ping_status":"closed","template":"","meta":{"jetpack_post_was_ever_published":false,"footnotes":""},"class_list":["post-128","page","type-page","status-publish","has-post-thumbnail","hentry","post"],"yoast_head":"<!-- This site is optimized with the Yoast SEO plugin v27.5 - https:\/\/yoast.com\/product\/yoast-seo-wordpress\/ -->\n<title>Liens utiles - philippeau.eu<\/title>\n<meta name=\"description\" content=\"Liens utiles en rapport avec mon parcours en Mayenne, Pays de la Loire et plus g\u00e9n\u00e9ralement pour le cancer du poumon, avant, pendant et apr\u00e8s.\" \/>\n<meta name=\"robots\" content=\"index, follow, max-snippet:-1, max-image-preview:large, max-video-preview:-1\" \/>\n<link rel=\"canonical\" href=\"https:\/\/www.philippeau.eu\/blog\/cancer-du-poumon\/liens\/\" \/>\n<meta property=\"og:locale\" content=\"fr_FR\" \/>\n<meta property=\"og:type\" content=\"article\" \/>\n<meta property=\"og:title\" content=\"Liens utiles - philippeau.eu\" \/>\n<meta property=\"og:description\" content=\"Liens utiles en rapport avec mon parcours en Mayenne, Pays de la Loire et plus g\u00e9n\u00e9ralement pour le cancer du poumon, avant, pendant et apr\u00e8s.\" \/>\n<meta property=\"og:url\" content=\"https:\/\/www.philippeau.eu\/blog\/cancer-du-poumon\/liens\/\" \/>\n<meta property=\"og:site_name\" content=\"philippeau.eu\" \/>\n<meta property=\"article:publisher\" content=\"https:\/\/www.facebook.com\/laurent.philippeau\" \/>\n<meta property=\"article:modified_time\" content=\"2025-12-06T17:12:43+00:00\" \/>\n<meta property=\"og:image\" content=\"https:\/\/www.philippeau.eu\/blog\/wp-content\/uploads\/2018\/05\/Image_mise_en_avant_liens.jpg\" \/>\n\t<meta property=\"og:image:width\" content=\"933\" \/>\n\t<meta property=\"og:image:height\" content=\"700\" \/>\n\t<meta property=\"og:image:type\" content=\"image\/jpeg\" \/>\n<meta name=\"twitter:card\" content=\"summary_large_image\" \/>\n<meta name=\"twitter:label1\" content=\"Dur\u00e9e de lecture estim\u00e9e\" \/>\n\t<meta name=\"twitter:data1\" content=\"7 minutes\" \/>\n<script type=\"application\/ld+json\" class=\"yoast-schema-graph\">{\"@context\":\"https:\\\/\\\/schema.org\",\"@graph\":[{\"@type\":\"WebPage\",\"@id\":\"https:\\\/\\\/www.philippeau.eu\\\/blog\\\/cancer-du-poumon\\\/liens\\\/\",\"url\":\"https:\\\/\\\/www.philippeau.eu\\\/blog\\\/cancer-du-poumon\\\/liens\\\/\",\"name\":\"Liens utiles - philippeau.eu\",\"isPartOf\":{\"@id\":\"https:\\\/\\\/www.philippeau.eu\\\/blog\\\/#website\"},\"primaryImageOfPage\":{\"@id\":\"https:\\\/\\\/www.philippeau.eu\\\/blog\\\/cancer-du-poumon\\\/liens\\\/#primaryimage\"},\"image\":{\"@id\":\"https:\\\/\\\/www.philippeau.eu\\\/blog\\\/cancer-du-poumon\\\/liens\\\/#primaryimage\"},\"thumbnailUrl\":\"https:\\\/\\\/www.philippeau.eu\\\/blog\\\/wp-content\\\/uploads\\\/2018\\\/05\\\/Image_mise_en_avant_liens.jpg\",\"datePublished\":\"2013-06-16T11:34:50+00:00\",\"dateModified\":\"2025-12-06T17:12:43+00:00\",\"description\":\"Liens utiles en rapport avec mon parcours en Mayenne, Pays de la Loire et plus g\u00e9n\u00e9ralement pour le cancer du poumon, avant, pendant et apr\u00e8s.\",\"breadcrumb\":{\"@id\":\"https:\\\/\\\/www.philippeau.eu\\\/blog\\\/cancer-du-poumon\\\/liens\\\/#breadcrumb\"},\"inLanguage\":\"fr-FR\",\"potentialAction\":[{\"@type\":\"ReadAction\",\"target\":[\"https:\\\/\\\/www.philippeau.eu\\\/blog\\\/cancer-du-poumon\\\/liens\\\/\"]}]},{\"@type\":\"ImageObject\",\"inLanguage\":\"fr-FR\",\"@id\":\"https:\\\/\\\/www.philippeau.eu\\\/blog\\\/cancer-du-poumon\\\/liens\\\/#primaryimage\",\"url\":\"https:\\\/\\\/www.philippeau.eu\\\/blog\\\/wp-content\\\/uploads\\\/2018\\\/05\\\/Image_mise_en_avant_liens.jpg\",\"contentUrl\":\"https:\\\/\\\/www.philippeau.eu\\\/blog\\\/wp-content\\\/uploads\\\/2018\\\/05\\\/Image_mise_en_avant_liens.jpg\",\"width\":933,\"height\":700,\"caption\":\"liens\"},{\"@type\":\"BreadcrumbList\",\"@id\":\"https:\\\/\\\/www.philippeau.eu\\\/blog\\\/cancer-du-poumon\\\/liens\\\/#breadcrumb\",\"itemListElement\":[{\"@type\":\"ListItem\",\"position\":1,\"name\":\"Accueil\",\"item\":\"https:\\\/\\\/www.philippeau.eu\\\/blog\\\/\"},{\"@type\":\"ListItem\",\"position\":2,\"name\":\"Mon Cancer du Poumon\",\"item\":\"https:\\\/\\\/www.philippeau.eu\\\/blog\\\/cancer-du-poumon\\\/\"},{\"@type\":\"ListItem\",\"position\":3,\"name\":\"Liens utiles\"}]},{\"@type\":\"WebSite\",\"@id\":\"https:\\\/\\\/www.philippeau.eu\\\/blog\\\/#website\",\"url\":\"https:\\\/\\\/www.philippeau.eu\\\/blog\\\/\",\"name\":\"philippeau.eu\",\"description\":\"\",\"publisher\":{\"@id\":\"https:\\\/\\\/www.philippeau.eu\\\/blog\\\/#\\\/schema\\\/person\\\/d0321ac69485a2fa34a86270145a4038\"},\"potentialAction\":[{\"@type\":\"SearchAction\",\"target\":{\"@type\":\"EntryPoint\",\"urlTemplate\":\"https:\\\/\\\/www.philippeau.eu\\\/blog\\\/?s={search_term_string}\"},\"query-input\":{\"@type\":\"PropertyValueSpecification\",\"valueRequired\":true,\"valueName\":\"search_term_string\"}}],\"inLanguage\":\"fr-FR\"},{\"@type\":[\"Person\",\"Organization\"],\"@id\":\"https:\\\/\\\/www.philippeau.eu\\\/blog\\\/#\\\/schema\\\/person\\\/d0321ac69485a2fa34a86270145a4038\",\"name\":\"Laurent\",\"image\":{\"@type\":\"ImageObject\",\"inLanguage\":\"fr-FR\",\"@id\":\"https:\\\/\\\/www.philippeau.eu\\\/blog\\\/wp-content\\\/uploads\\\/2020\\\/11\\\/cropped-PL_logo_initiales_img.png\",\"url\":\"https:\\\/\\\/www.philippeau.eu\\\/blog\\\/wp-content\\\/uploads\\\/2020\\\/11\\\/cropped-PL_logo_initiales_img.png\",\"contentUrl\":\"https:\\\/\\\/www.philippeau.eu\\\/blog\\\/wp-content\\\/uploads\\\/2020\\\/11\\\/cropped-PL_logo_initiales_img.png\",\"width\":512,\"height\":512,\"caption\":\"Laurent\"},\"logo\":{\"@id\":\"https:\\\/\\\/www.philippeau.eu\\\/blog\\\/wp-content\\\/uploads\\\/2020\\\/11\\\/cropped-PL_logo_initiales_img.png\"},\"description\":\"Propri\u00e9taire et webmaster du site www.philippeau.eu\",\"sameAs\":[\"https:\\\/\\\/www.philippeau.eu\",\"https:\\\/\\\/www.facebook.com\\\/laurent.philippeau\",\"https:\\\/\\\/www.youtube.com\\\/channel\\\/UCgwFBEt9Dv03TyDiBPNGL-Q\"]}]}<\/script>\n<!-- \/ Yoast SEO plugin. -->","yoast_head_json":{"title":"Liens utiles - philippeau.eu","description":"Liens utiles en rapport avec mon parcours en Mayenne, Pays de la Loire et plus g\u00e9n\u00e9ralement pour le cancer du poumon, avant, pendant et apr\u00e8s.","robots":{"index":"index","follow":"follow","max-snippet":"max-snippet:-1","max-image-preview":"max-image-preview:large","max-video-preview":"max-video-preview:-1"},"canonical":"https:\/\/www.philippeau.eu\/blog\/cancer-du-poumon\/liens\/","og_locale":"fr_FR","og_type":"article","og_title":"Liens utiles - philippeau.eu","og_description":"Liens utiles en rapport avec mon parcours en Mayenne, Pays de la Loire et plus g\u00e9n\u00e9ralement pour le cancer du poumon, avant, pendant et apr\u00e8s.","og_url":"https:\/\/www.philippeau.eu\/blog\/cancer-du-poumon\/liens\/","og_site_name":"philippeau.eu","article_publisher":"https:\/\/www.facebook.com\/laurent.philippeau","article_modified_time":"2025-12-06T17:12:43+00:00","og_image":[{"width":933,"height":700,"url":"https:\/\/www.philippeau.eu\/blog\/wp-content\/uploads\/2018\/05\/Image_mise_en_avant_liens.jpg","type":"image\/jpeg"}],"twitter_card":"summary_large_image","twitter_misc":{"Dur\u00e9e de lecture estim\u00e9e":"7 minutes"},"schema":{"@context":"https:\/\/schema.org","@graph":[{"@type":"WebPage","@id":"https:\/\/www.philippeau.eu\/blog\/cancer-du-poumon\/liens\/","url":"https:\/\/www.philippeau.eu\/blog\/cancer-du-poumon\/liens\/","name":"Liens utiles - philippeau.eu","isPartOf":{"@id":"https:\/\/www.philippeau.eu\/blog\/#website"},"primaryImageOfPage":{"@id":"https:\/\/www.philippeau.eu\/blog\/cancer-du-poumon\/liens\/#primaryimage"},"image":{"@id":"https:\/\/www.philippeau.eu\/blog\/cancer-du-poumon\/liens\/#primaryimage"},"thumbnailUrl":"https:\/\/www.philippeau.eu\/blog\/wp-content\/uploads\/2018\/05\/Image_mise_en_avant_liens.jpg","datePublished":"2013-06-16T11:34:50+00:00","dateModified":"2025-12-06T17:12:43+00:00","description":"Liens utiles en rapport avec mon parcours en Mayenne, Pays de la Loire et plus g\u00e9n\u00e9ralement pour le cancer du poumon, avant, pendant et apr\u00e8s.","breadcrumb":{"@id":"https:\/\/www.philippeau.eu\/blog\/cancer-du-poumon\/liens\/#breadcrumb"},"inLanguage":"fr-FR","potentialAction":[{"@type":"ReadAction","target":["https:\/\/www.philippeau.eu\/blog\/cancer-du-poumon\/liens\/"]}]},{"@type":"ImageObject","inLanguage":"fr-FR","@id":"https:\/\/www.philippeau.eu\/blog\/cancer-du-poumon\/liens\/#primaryimage","url":"https:\/\/www.philippeau.eu\/blog\/wp-content\/uploads\/2018\/05\/Image_mise_en_avant_liens.jpg","contentUrl":"https:\/\/www.philippeau.eu\/blog\/wp-content\/uploads\/2018\/05\/Image_mise_en_avant_liens.jpg","width":933,"height":700,"caption":"liens"},{"@type":"BreadcrumbList","@id":"https:\/\/www.philippeau.eu\/blog\/cancer-du-poumon\/liens\/#breadcrumb","itemListElement":[{"@type":"ListItem","position":1,"name":"Accueil","item":"https:\/\/www.philippeau.eu\/blog\/"},{"@type":"ListItem","position":2,"name":"Mon Cancer du Poumon","item":"https:\/\/www.philippeau.eu\/blog\/cancer-du-poumon\/"},{"@type":"ListItem","position":3,"name":"Liens utiles"}]},{"@type":"WebSite","@id":"https:\/\/www.philippeau.eu\/blog\/#website","url":"https:\/\/www.philippeau.eu\/blog\/","name":"philippeau.eu","description":"","publisher":{"@id":"https:\/\/www.philippeau.eu\/blog\/#\/schema\/person\/d0321ac69485a2fa34a86270145a4038"},"potentialAction":[{"@type":"SearchAction","target":{"@type":"EntryPoint","urlTemplate":"https:\/\/www.philippeau.eu\/blog\/?s={search_term_string}"},"query-input":{"@type":"PropertyValueSpecification","valueRequired":true,"valueName":"search_term_string"}}],"inLanguage":"fr-FR"},{"@type":["Person","Organization"],"@id":"https:\/\/www.philippeau.eu\/blog\/#\/schema\/person\/d0321ac69485a2fa34a86270145a4038","name":"Laurent","image":{"@type":"ImageObject","inLanguage":"fr-FR","@id":"https:\/\/www.philippeau.eu\/blog\/wp-content\/uploads\/2020\/11\/cropped-PL_logo_initiales_img.png","url":"https:\/\/www.philippeau.eu\/blog\/wp-content\/uploads\/2020\/11\/cropped-PL_logo_initiales_img.png","contentUrl":"https:\/\/www.philippeau.eu\/blog\/wp-content\/uploads\/2020\/11\/cropped-PL_logo_initiales_img.png","width":512,"height":512,"caption":"Laurent"},"logo":{"@id":"https:\/\/www.philippeau.eu\/blog\/wp-content\/uploads\/2020\/11\/cropped-PL_logo_initiales_img.png"},"description":"Propri\u00e9taire et webmaster du site www.philippeau.eu","sameAs":["https:\/\/www.philippeau.eu","https:\/\/www.facebook.com\/laurent.philippeau","https:\/\/www.youtube.com\/channel\/UCgwFBEt9Dv03TyDiBPNGL-Q"]}]}},"jetpack_sharing_enabled":true,"jetpack_likes_enabled":true,"_links":{"self":[{"href":"https:\/\/www.philippeau.eu\/blog\/wp-json\/wp\/v2\/pages\/128","targetHints":{"allow":["GET"]}}],"collection":[{"href":"https:\/\/www.philippeau.eu\/blog\/wp-json\/wp\/v2\/pages"}],"about":[{"href":"https:\/\/www.philippeau.eu\/blog\/wp-json\/wp\/v2\/types\/page"}],"author":[{"embeddable":true,"href":"https:\/\/www.philippeau.eu\/blog\/wp-json\/wp\/v2\/users\/1"}],"replies":[{"embeddable":true,"href":"https:\/\/www.philippeau.eu\/blog\/wp-json\/wp\/v2\/comments?post=128"}],"version-history":[{"count":3,"href":"https:\/\/www.philippeau.eu\/blog\/wp-json\/wp\/v2\/pages\/128\/revisions"}],"predecessor-version":[{"id":287380,"href":"https:\/\/www.philippeau.eu\/blog\/wp-json\/wp\/v2\/pages\/128\/revisions\/287380"}],"up":[{"embeddable":true,"href":"https:\/\/www.philippeau.eu\/blog\/wp-json\/wp\/v2\/pages\/9"}],"wp:featuredmedia":[{"embeddable":true,"href":"https:\/\/www.philippeau.eu\/blog\/wp-json\/wp\/v2\/media\/1384"}],"wp:attachment":[{"href":"https:\/\/www.philippeau.eu\/blog\/wp-json\/wp\/v2\/media?parent=128"}],"curies":[{"name":"wp","href":"https:\/\/api.w.org\/{rel}","templated":true}]}}