{"id":1215,"date":"2018-04-06T03:19:59","date_gmt":"2018-04-06T02:19:59","guid":{"rendered":"http:\/\/www.philippeau.eu\/blog\/?page_id=1215"},"modified":"2022-06-24T14:58:01","modified_gmt":"2022-06-24T13:58:01","slug":"mon-reseau-cancer-du-poumon","status":"publish","type":"page","link":"https:\/\/www.philippeau.eu\/blog\/cancer-du-poumon\/mon-reseau-cancer-du-poumon\/","title":{"rendered":"Mon r\u00e9seau cancer du poumon"},"content":{"rendered":"<p style=\"text-align: justify;\">Mon blog a pour vocation avec mon t\u00e9moignage de vous donner autant que possible de l&rsquo;espoir.\u00a0 Tant que je serais la, il prouve qu&rsquo;il est possible de survivre \u00e0 un cancer du poumon. J&rsquo;ai mis en place un petit forum sur ce blog et si vous le souhaitez vraiment, vous y serez bienvenue. Cependant aujourd&rsquo;hui j&rsquo;aimerais vous pr\u00e9senter et vous inciter \u00e0 pr\u00e9f\u00e9rer rejoindre un r\u00e9seau que j&rsquo;ai moi-m\u00eame rejoint et que je juge plus apte \u00e0 vous orienter, vous aider et \u00e0 faire bouger les choses que moi&#8230;<br \/>\nLe r\u00e9seau \u00ab\u00a0Mon r\u00e9seau Cancer du Poumon\u00a0\u00bb.<\/p>\n<h2>Mon r\u00e9seau cancer du poumon<\/h2>\n<p><a href=\"https:\/\/www.monreseau-cancerdupoumon.com\" target=\"_blank\" rel=\"noopener noreferrer\"><img loading=\"lazy\" decoding=\"async\" class=\"aligncenter wp-image-1218 size-full\" title=\"Mon r\u00e9seau cancer du poumon\" src=\"http:\/\/www.philippeau.eu\/blog\/wp-content\/uploads\/2018\/04\/logo-mon-reseau-poumon.jpg\" alt=\"Mon r\u00e9seau cancer du poumon\" width=\"783\" height=\"196\" srcset=\"https:\/\/www.philippeau.eu\/blog\/wp-content\/uploads\/2018\/04\/logo-mon-reseau-poumon.jpg 783w, https:\/\/www.philippeau.eu\/blog\/wp-content\/uploads\/2018\/04\/logo-mon-reseau-poumon-300x75.jpg 300w, https:\/\/www.philippeau.eu\/blog\/wp-content\/uploads\/2018\/04\/logo-mon-reseau-poumon-768x192.jpg 768w, https:\/\/www.philippeau.eu\/blog\/wp-content\/uploads\/2018\/04\/logo-mon-reseau-poumon-400x100.jpg 400w\" sizes=\"auto, (max-width: 783px) 100vw, 783px\" \/><\/a><\/p>\n<p style=\"text-align: justify;\">Le site <a href=\"https:\/\/www.monreseau-cancerdupoumon.com\" target=\"_blank\" rel=\"noopener noreferrer\">Mon r\u00e9seau Cancer du Poumon<\/a> a \u00e9t\u00e9 d\u00e9velopp\u00e9 \u00e0 partir d\u2019exp\u00e9riences v\u00e9cues dans le cadre de l\u2019association <a href=\"http:\/\/www.patientsenreseau.fr\/\" target=\"_blank\" rel=\"noopener noreferrer\">Patients en r\u00e9seau<\/a> qui regroupe des patients touch\u00e9s par des maladies s\u00e9v\u00e8res et leurs proches et s\u2019appuie sur un comit\u00e9 scientifique pluridisciplinaire.<br \/>\nLa vocation de l\u2019association : d\u00e9velopper des r\u00e9seaux sociaux s\u00e9curis\u00e9s d\u00e9di\u00e9s aux patients et aux proches, o\u00f9 ils peuvent b\u00e9n\u00e9ficier de liens concrets et d\u2019un acc\u00e8s facilit\u00e9 aux professionnels de proximit\u00e9 et \u00e0 l\u2019information scientifique de r\u00e9f\u00e9rence.<\/p>\n<figure id=\"attachment_1221\" aria-describedby=\"caption-attachment-1221\" style=\"width: 474px\" class=\"wp-caption aligncenter\"><a  href=\"http:\/\/www.philippeau.eu\/blog\/wp-content\/uploads\/2018\/04\/mrcp-affiche-v3.jpg\" data-rel=\"lightbox-gallery-0\" data-rl_title=\"mrcp-affiche-v3\" data-rl_caption=\"mon r\u00e9seau cancer du poumon\"><img loading=\"lazy\" decoding=\"async\" class=\"wp-image-1221 size-large\" title=\"mrcp-affiche-v3\" src=\"http:\/\/www.philippeau.eu\/blog\/wp-content\/uploads\/2018\/04\/mrcp-affiche-v3-724x1024.jpg\" alt=\"Mon r\u00e9seau cancer du poumon\" width=\"474\" height=\"670\" srcset=\"https:\/\/www.philippeau.eu\/blog\/wp-content\/uploads\/2018\/04\/mrcp-affiche-v3-724x1024.jpg 724w, https:\/\/www.philippeau.eu\/blog\/wp-content\/uploads\/2018\/04\/mrcp-affiche-v3-212x300.jpg 212w, https:\/\/www.philippeau.eu\/blog\/wp-content\/uploads\/2018\/04\/mrcp-affiche-v3-768x1087.jpg 768w, https:\/\/www.philippeau.eu\/blog\/wp-content\/uploads\/2018\/04\/mrcp-affiche-v3-400x566.jpg 400w, https:\/\/www.philippeau.eu\/blog\/wp-content\/uploads\/2018\/04\/mrcp-affiche-v3.jpg 1200w\" sizes=\"auto, (max-width: 474px) 100vw, 474px\" \/><\/a><figcaption id=\"caption-attachment-1221\" class=\"wp-caption-text\">Mon r\u00e9seau cancer du poumon<\/figcaption><\/figure>\n<figure id=\"attachment_1233\" aria-describedby=\"caption-attachment-1233\" style=\"width: 783px\" class=\"wp-caption aligncenter\"><a href=\"http:\/\/www.patientsenreseau.fr\/\" target=\"_blank\" rel=\"noopener noreferrer\"><img loading=\"lazy\" decoding=\"async\" class=\"wp-image-1233 size-full\" title=\"PATIENTS en r\u00e9seau\" src=\"http:\/\/www.philippeau.eu\/blog\/wp-content\/uploads\/2018\/04\/logo-patients-en-re\u0301seau.jpg\" alt=\"PATIENTS en r\u00e9seau\" width=\"783\" height=\"229\" srcset=\"https:\/\/www.philippeau.eu\/blog\/wp-content\/uploads\/2018\/04\/logo-patients-en-re\u0301seau.jpg 783w, https:\/\/www.philippeau.eu\/blog\/wp-content\/uploads\/2018\/04\/logo-patients-en-re\u0301seau-300x88.jpg 300w, https:\/\/www.philippeau.eu\/blog\/wp-content\/uploads\/2018\/04\/logo-patients-en-re\u0301seau-768x225.jpg 768w, https:\/\/www.philippeau.eu\/blog\/wp-content\/uploads\/2018\/04\/logo-patients-en-re\u0301seau-400x117.jpg 400w\" sizes=\"auto, (max-width: 783px) 100vw, 783px\" \/><\/a><figcaption id=\"caption-attachment-1233\" class=\"wp-caption-text\">PATIENTS en r\u00e9seau<\/figcaption><\/figure>\n<p>&nbsp;<\/p>\n","protected":false},"excerpt":{"rendered":"<p>Mon blog a pour vocation avec mon t\u00e9moignage de vous donner autant que possible de l&rsquo;espoir.\u00a0 Tant que je serais la, il prouve qu&rsquo;il est possible de survivre \u00e0 un cancer du poumon. J&rsquo;ai mis&#8230;<\/p>\n<div class=\"more-link-wrapper\"><a class=\"more-link\" href=\"https:\/\/www.philippeau.eu\/blog\/cancer-du-poumon\/mon-reseau-cancer-du-poumon\/\"><span class=\"more-text\">Continuer la lecture<\/span><\/a><\/div>\n","protected":false},"author":1,"featured_media":1221,"parent":9,"menu_order":13,"comment_status":"open","ping_status":"closed","template":"","meta":{"jetpack_post_was_ever_published":false,"footnotes":""},"class_list":["post-1215","page","type-page","status-publish","has-post-thumbnail","hentry","post"],"yoast_head":"<!-- This site is optimized with the Yoast SEO plugin v27.4 - https:\/\/yoast.com\/product\/yoast-seo-wordpress\/ -->\n<title>Mon r\u00e9seau cancer du poumon - philippeau.eu<\/title>\n<meta name=\"description\" content=\"Page de promotion pour le site Mon r\u00e9seau Cancer du Poumon d\u00e9velopp\u00e9 \u00e0 partir d\u2019exp\u00e9riences v\u00e9cues dans le cadre de l\u2019association Patients en r\u00e9seau qui regroupe des patients touch\u00e9s par des maladies s\u00e9v\u00e8res et leurs proches et s\u2019appuie sur un comit\u00e9 scientifique pluridisciplinaire.\" \/>\n<meta name=\"robots\" content=\"index, follow, max-snippet:-1, max-image-preview:large, max-video-preview:-1\" \/>\n<link rel=\"canonical\" href=\"https:\/\/www.philippeau.eu\/blog\/cancer-du-poumon\/mon-reseau-cancer-du-poumon\/\" \/>\n<meta property=\"og:locale\" content=\"fr_FR\" \/>\n<meta property=\"og:type\" content=\"article\" \/>\n<meta property=\"og:title\" content=\"Mon r\u00e9seau cancer du poumon - philippeau.eu\" \/>\n<meta property=\"og:description\" content=\"Page de promotion pour le site Mon r\u00e9seau Cancer du Poumon d\u00e9velopp\u00e9 \u00e0 partir d\u2019exp\u00e9riences v\u00e9cues dans le cadre de l\u2019association Patients en r\u00e9seau qui regroupe des patients touch\u00e9s par des maladies s\u00e9v\u00e8res et leurs proches et s\u2019appuie sur un comit\u00e9 scientifique pluridisciplinaire.\" \/>\n<meta property=\"og:url\" content=\"https:\/\/www.philippeau.eu\/blog\/cancer-du-poumon\/mon-reseau-cancer-du-poumon\/\" \/>\n<meta property=\"og:site_name\" content=\"philippeau.eu\" \/>\n<meta property=\"article:publisher\" content=\"https:\/\/www.facebook.com\/laurent.philippeau\" \/>\n<meta property=\"article:modified_time\" content=\"2022-06-24T13:58:01+00:00\" \/>\n<meta property=\"og:image\" content=\"https:\/\/www.philippeau.eu\/blog\/wp-content\/uploads\/2018\/04\/mrcp-affiche-v3.jpg\" \/>\n\t<meta property=\"og:image:width\" content=\"1200\" \/>\n\t<meta property=\"og:image:height\" content=\"1698\" \/>\n\t<meta property=\"og:image:type\" content=\"image\/jpeg\" \/>\n<meta name=\"twitter:card\" content=\"summary_large_image\" \/>\n<meta name=\"twitter:label1\" content=\"Dur\u00e9e de lecture estim\u00e9e\" \/>\n\t<meta name=\"twitter:data1\" content=\"1 minute\" \/>\n<script type=\"application\/ld+json\" class=\"yoast-schema-graph\">{\"@context\":\"https:\\\/\\\/schema.org\",\"@graph\":[{\"@type\":\"WebPage\",\"@id\":\"https:\\\/\\\/www.philippeau.eu\\\/blog\\\/cancer-du-poumon\\\/mon-reseau-cancer-du-poumon\\\/\",\"url\":\"https:\\\/\\\/www.philippeau.eu\\\/blog\\\/cancer-du-poumon\\\/mon-reseau-cancer-du-poumon\\\/\",\"name\":\"Mon r\u00e9seau cancer du poumon - philippeau.eu\",\"isPartOf\":{\"@id\":\"https:\\\/\\\/www.philippeau.eu\\\/blog\\\/#website\"},\"primaryImageOfPage\":{\"@id\":\"https:\\\/\\\/www.philippeau.eu\\\/blog\\\/cancer-du-poumon\\\/mon-reseau-cancer-du-poumon\\\/#primaryimage\"},\"image\":{\"@id\":\"https:\\\/\\\/www.philippeau.eu\\\/blog\\\/cancer-du-poumon\\\/mon-reseau-cancer-du-poumon\\\/#primaryimage\"},\"thumbnailUrl\":\"https:\\\/\\\/www.philippeau.eu\\\/blog\\\/wp-content\\\/uploads\\\/2018\\\/04\\\/mrcp-affiche-v3.jpg\",\"datePublished\":\"2018-04-06T02:19:59+00:00\",\"dateModified\":\"2022-06-24T13:58:01+00:00\",\"description\":\"Page de promotion pour le site Mon r\u00e9seau Cancer du Poumon d\u00e9velopp\u00e9 \u00e0 partir d\u2019exp\u00e9riences v\u00e9cues dans le cadre de l\u2019association Patients en r\u00e9seau qui regroupe des patients touch\u00e9s par des maladies s\u00e9v\u00e8res et leurs proches et s\u2019appuie sur un comit\u00e9 scientifique pluridisciplinaire.\",\"breadcrumb\":{\"@id\":\"https:\\\/\\\/www.philippeau.eu\\\/blog\\\/cancer-du-poumon\\\/mon-reseau-cancer-du-poumon\\\/#breadcrumb\"},\"inLanguage\":\"fr-FR\",\"potentialAction\":[{\"@type\":\"ReadAction\",\"target\":[\"https:\\\/\\\/www.philippeau.eu\\\/blog\\\/cancer-du-poumon\\\/mon-reseau-cancer-du-poumon\\\/\"]}]},{\"@type\":\"ImageObject\",\"inLanguage\":\"fr-FR\",\"@id\":\"https:\\\/\\\/www.philippeau.eu\\\/blog\\\/cancer-du-poumon\\\/mon-reseau-cancer-du-poumon\\\/#primaryimage\",\"url\":\"https:\\\/\\\/www.philippeau.eu\\\/blog\\\/wp-content\\\/uploads\\\/2018\\\/04\\\/mrcp-affiche-v3.jpg\",\"contentUrl\":\"https:\\\/\\\/www.philippeau.eu\\\/blog\\\/wp-content\\\/uploads\\\/2018\\\/04\\\/mrcp-affiche-v3.jpg\",\"width\":1200,\"height\":1698,\"caption\":\"mon r\u00e9seau cancer du poumon\"},{\"@type\":\"BreadcrumbList\",\"@id\":\"https:\\\/\\\/www.philippeau.eu\\\/blog\\\/cancer-du-poumon\\\/mon-reseau-cancer-du-poumon\\\/#breadcrumb\",\"itemListElement\":[{\"@type\":\"ListItem\",\"position\":1,\"name\":\"Accueil\",\"item\":\"https:\\\/\\\/www.philippeau.eu\\\/blog\\\/\"},{\"@type\":\"ListItem\",\"position\":2,\"name\":\"Mon Cancer du Poumon\",\"item\":\"https:\\\/\\\/www.philippeau.eu\\\/blog\\\/cancer-du-poumon\\\/\"},{\"@type\":\"ListItem\",\"position\":3,\"name\":\"Mon r\u00e9seau cancer du poumon\"}]},{\"@type\":\"WebSite\",\"@id\":\"https:\\\/\\\/www.philippeau.eu\\\/blog\\\/#website\",\"url\":\"https:\\\/\\\/www.philippeau.eu\\\/blog\\\/\",\"name\":\"philippeau.eu\",\"description\":\"\",\"publisher\":{\"@id\":\"https:\\\/\\\/www.philippeau.eu\\\/blog\\\/#\\\/schema\\\/person\\\/d0321ac69485a2fa34a86270145a4038\"},\"potentialAction\":[{\"@type\":\"SearchAction\",\"target\":{\"@type\":\"EntryPoint\",\"urlTemplate\":\"https:\\\/\\\/www.philippeau.eu\\\/blog\\\/?s={search_term_string}\"},\"query-input\":{\"@type\":\"PropertyValueSpecification\",\"valueRequired\":true,\"valueName\":\"search_term_string\"}}],\"inLanguage\":\"fr-FR\"},{\"@type\":[\"Person\",\"Organization\"],\"@id\":\"https:\\\/\\\/www.philippeau.eu\\\/blog\\\/#\\\/schema\\\/person\\\/d0321ac69485a2fa34a86270145a4038\",\"name\":\"Laurent\",\"image\":{\"@type\":\"ImageObject\",\"inLanguage\":\"fr-FR\",\"@id\":\"https:\\\/\\\/www.philippeau.eu\\\/blog\\\/wp-content\\\/uploads\\\/2020\\\/11\\\/cropped-PL_logo_initiales_img.png\",\"url\":\"https:\\\/\\\/www.philippeau.eu\\\/blog\\\/wp-content\\\/uploads\\\/2020\\\/11\\\/cropped-PL_logo_initiales_img.png\",\"contentUrl\":\"https:\\\/\\\/www.philippeau.eu\\\/blog\\\/wp-content\\\/uploads\\\/2020\\\/11\\\/cropped-PL_logo_initiales_img.png\",\"width\":512,\"height\":512,\"caption\":\"Laurent\"},\"logo\":{\"@id\":\"https:\\\/\\\/www.philippeau.eu\\\/blog\\\/wp-content\\\/uploads\\\/2020\\\/11\\\/cropped-PL_logo_initiales_img.png\"},\"description\":\"Propri\u00e9taire et webmaster du site www.philippeau.eu\",\"sameAs\":[\"https:\\\/\\\/www.philippeau.eu\",\"https:\\\/\\\/www.facebook.com\\\/laurent.philippeau\",\"https:\\\/\\\/www.youtube.com\\\/channel\\\/UCgwFBEt9Dv03TyDiBPNGL-Q\"]}]}<\/script>\n<!-- \/ Yoast SEO plugin. -->","yoast_head_json":{"title":"Mon r\u00e9seau cancer du poumon - philippeau.eu","description":"Page de promotion pour le site Mon r\u00e9seau Cancer du Poumon d\u00e9velopp\u00e9 \u00e0 partir d\u2019exp\u00e9riences v\u00e9cues dans le cadre de l\u2019association Patients en r\u00e9seau qui regroupe des patients touch\u00e9s par des maladies s\u00e9v\u00e8res et leurs proches et s\u2019appuie sur un comit\u00e9 scientifique pluridisciplinaire.","robots":{"index":"index","follow":"follow","max-snippet":"max-snippet:-1","max-image-preview":"max-image-preview:large","max-video-preview":"max-video-preview:-1"},"canonical":"https:\/\/www.philippeau.eu\/blog\/cancer-du-poumon\/mon-reseau-cancer-du-poumon\/","og_locale":"fr_FR","og_type":"article","og_title":"Mon r\u00e9seau cancer du poumon - philippeau.eu","og_description":"Page de promotion pour le site Mon r\u00e9seau Cancer du Poumon d\u00e9velopp\u00e9 \u00e0 partir d\u2019exp\u00e9riences v\u00e9cues dans le cadre de l\u2019association Patients en r\u00e9seau qui regroupe des patients touch\u00e9s par des maladies s\u00e9v\u00e8res et leurs proches et s\u2019appuie sur un comit\u00e9 scientifique pluridisciplinaire.","og_url":"https:\/\/www.philippeau.eu\/blog\/cancer-du-poumon\/mon-reseau-cancer-du-poumon\/","og_site_name":"philippeau.eu","article_publisher":"https:\/\/www.facebook.com\/laurent.philippeau","article_modified_time":"2022-06-24T13:58:01+00:00","og_image":[{"width":1200,"height":1698,"url":"https:\/\/www.philippeau.eu\/blog\/wp-content\/uploads\/2018\/04\/mrcp-affiche-v3.jpg","type":"image\/jpeg"}],"twitter_card":"summary_large_image","twitter_misc":{"Dur\u00e9e de lecture estim\u00e9e":"1 minute"},"schema":{"@context":"https:\/\/schema.org","@graph":[{"@type":"WebPage","@id":"https:\/\/www.philippeau.eu\/blog\/cancer-du-poumon\/mon-reseau-cancer-du-poumon\/","url":"https:\/\/www.philippeau.eu\/blog\/cancer-du-poumon\/mon-reseau-cancer-du-poumon\/","name":"Mon r\u00e9seau cancer du poumon - philippeau.eu","isPartOf":{"@id":"https:\/\/www.philippeau.eu\/blog\/#website"},"primaryImageOfPage":{"@id":"https:\/\/www.philippeau.eu\/blog\/cancer-du-poumon\/mon-reseau-cancer-du-poumon\/#primaryimage"},"image":{"@id":"https:\/\/www.philippeau.eu\/blog\/cancer-du-poumon\/mon-reseau-cancer-du-poumon\/#primaryimage"},"thumbnailUrl":"https:\/\/www.philippeau.eu\/blog\/wp-content\/uploads\/2018\/04\/mrcp-affiche-v3.jpg","datePublished":"2018-04-06T02:19:59+00:00","dateModified":"2022-06-24T13:58:01+00:00","description":"Page de promotion pour le site Mon r\u00e9seau Cancer du Poumon d\u00e9velopp\u00e9 \u00e0 partir d\u2019exp\u00e9riences v\u00e9cues dans le cadre de l\u2019association Patients en r\u00e9seau qui regroupe des patients touch\u00e9s par des maladies s\u00e9v\u00e8res et leurs proches et s\u2019appuie sur un comit\u00e9 scientifique pluridisciplinaire.","breadcrumb":{"@id":"https:\/\/www.philippeau.eu\/blog\/cancer-du-poumon\/mon-reseau-cancer-du-poumon\/#breadcrumb"},"inLanguage":"fr-FR","potentialAction":[{"@type":"ReadAction","target":["https:\/\/www.philippeau.eu\/blog\/cancer-du-poumon\/mon-reseau-cancer-du-poumon\/"]}]},{"@type":"ImageObject","inLanguage":"fr-FR","@id":"https:\/\/www.philippeau.eu\/blog\/cancer-du-poumon\/mon-reseau-cancer-du-poumon\/#primaryimage","url":"https:\/\/www.philippeau.eu\/blog\/wp-content\/uploads\/2018\/04\/mrcp-affiche-v3.jpg","contentUrl":"https:\/\/www.philippeau.eu\/blog\/wp-content\/uploads\/2018\/04\/mrcp-affiche-v3.jpg","width":1200,"height":1698,"caption":"mon r\u00e9seau cancer du poumon"},{"@type":"BreadcrumbList","@id":"https:\/\/www.philippeau.eu\/blog\/cancer-du-poumon\/mon-reseau-cancer-du-poumon\/#breadcrumb","itemListElement":[{"@type":"ListItem","position":1,"name":"Accueil","item":"https:\/\/www.philippeau.eu\/blog\/"},{"@type":"ListItem","position":2,"name":"Mon Cancer du Poumon","item":"https:\/\/www.philippeau.eu\/blog\/cancer-du-poumon\/"},{"@type":"ListItem","position":3,"name":"Mon r\u00e9seau cancer du poumon"}]},{"@type":"WebSite","@id":"https:\/\/www.philippeau.eu\/blog\/#website","url":"https:\/\/www.philippeau.eu\/blog\/","name":"philippeau.eu","description":"","publisher":{"@id":"https:\/\/www.philippeau.eu\/blog\/#\/schema\/person\/d0321ac69485a2fa34a86270145a4038"},"potentialAction":[{"@type":"SearchAction","target":{"@type":"EntryPoint","urlTemplate":"https:\/\/www.philippeau.eu\/blog\/?s={search_term_string}"},"query-input":{"@type":"PropertyValueSpecification","valueRequired":true,"valueName":"search_term_string"}}],"inLanguage":"fr-FR"},{"@type":["Person","Organization"],"@id":"https:\/\/www.philippeau.eu\/blog\/#\/schema\/person\/d0321ac69485a2fa34a86270145a4038","name":"Laurent","image":{"@type":"ImageObject","inLanguage":"fr-FR","@id":"https:\/\/www.philippeau.eu\/blog\/wp-content\/uploads\/2020\/11\/cropped-PL_logo_initiales_img.png","url":"https:\/\/www.philippeau.eu\/blog\/wp-content\/uploads\/2020\/11\/cropped-PL_logo_initiales_img.png","contentUrl":"https:\/\/www.philippeau.eu\/blog\/wp-content\/uploads\/2020\/11\/cropped-PL_logo_initiales_img.png","width":512,"height":512,"caption":"Laurent"},"logo":{"@id":"https:\/\/www.philippeau.eu\/blog\/wp-content\/uploads\/2020\/11\/cropped-PL_logo_initiales_img.png"},"description":"Propri\u00e9taire et webmaster du site www.philippeau.eu","sameAs":["https:\/\/www.philippeau.eu","https:\/\/www.facebook.com\/laurent.philippeau","https:\/\/www.youtube.com\/channel\/UCgwFBEt9Dv03TyDiBPNGL-Q"]}]}},"jetpack_likes_enabled":true,"jetpack_sharing_enabled":true,"_links":{"self":[{"href":"https:\/\/www.philippeau.eu\/blog\/wp-json\/wp\/v2\/pages\/1215","targetHints":{"allow":["GET"]}}],"collection":[{"href":"https:\/\/www.philippeau.eu\/blog\/wp-json\/wp\/v2\/pages"}],"about":[{"href":"https:\/\/www.philippeau.eu\/blog\/wp-json\/wp\/v2\/types\/page"}],"author":[{"embeddable":true,"href":"https:\/\/www.philippeau.eu\/blog\/wp-json\/wp\/v2\/users\/1"}],"replies":[{"embeddable":true,"href":"https:\/\/www.philippeau.eu\/blog\/wp-json\/wp\/v2\/comments?post=1215"}],"version-history":[{"count":3,"href":"https:\/\/www.philippeau.eu\/blog\/wp-json\/wp\/v2\/pages\/1215\/revisions"}],"predecessor-version":[{"id":285282,"href":"https:\/\/www.philippeau.eu\/blog\/wp-json\/wp\/v2\/pages\/1215\/revisions\/285282"}],"up":[{"embeddable":true,"href":"https:\/\/www.philippeau.eu\/blog\/wp-json\/wp\/v2\/pages\/9"}],"wp:featuredmedia":[{"embeddable":true,"href":"https:\/\/www.philippeau.eu\/blog\/wp-json\/wp\/v2\/media\/1221"}],"wp:attachment":[{"href":"https:\/\/www.philippeau.eu\/blog\/wp-json\/wp\/v2\/media?parent=1215"}],"curies":[{"name":"wp","href":"https:\/\/api.w.org\/{rel}","templated":true}]}}